{"id":287,"date":"2021-03-02T12:48:51","date_gmt":"2021-03-02T10:48:51","guid":{"rendered":"http:\/\/localhost\/nouajuntament\/?page_id=287"},"modified":"2026-04-28T15:28:49","modified_gmt":"2026-04-28T13:28:49","slug":"inicial","status":"publish","type":"page","link":"https:\/\/roquetes.cat\/web\/","title":{"rendered":"Inici"},"content":{"rendered":"<p>[et_pb_section fb_built=&#8221;1&#8243; fullwidth=&#8221;on&#8221; _builder_version=&#8221;4.19.4&#8243; _module_preset=&#8221;default&#8221; global_colors_info=&#8221;{}&#8221;][et_pb_fullwidth_slider show_arrows=&#8221;off&#8221; show_pagination=&#8221;off&#8221; disabled_on=&#8221;on|off|off&#8221; admin_label=&#8221;Fullwidth Slider PC&#8221; _builder_version=&#8221;4.21.0&#8243; _module_preset=&#8221;default&#8221; auto=&#8221;on&#8221; auto_speed=&#8221;3500&#8243; global_colors_info=&#8221;{}&#8221;][et_pb_slide _builder_version=&#8221;4.21.0&#8243; _module_preset=&#8221;default&#8221; background_enable_color=&#8221;off&#8221; background_image=&#8221;https:\/\/roquetes.cat\/web\/wp-content\/uploads\/2023\/06\/ROQUETES_CANAL.webp&#8221; background_enable_image=&#8221;on&#8221; global_colors_info=&#8221;{}&#8221; sticky_transition=&#8221;on&#8221;][\/et_pb_slide][et_pb_slide _builder_version=&#8221;4.21.0&#8243; _module_preset=&#8221;default&#8221; background_enable_color=&#8221;off&#8221; background_image=&#8221;https:\/\/roquetes.cat\/web\/wp-content\/uploads\/2023\/06\/MIRADOR.webp&#8221; background_enable_image=&#8221;on&#8221; global_colors_info=&#8221;{}&#8221; sticky_transition=&#8221;on&#8221;][\/et_pb_slide][et_pb_slide _builder_version=&#8221;4.21.0&#8243; _module_preset=&#8221;default&#8221; background_enable_color=&#8221;off&#8221; background_image=&#8221;https:\/\/roquetes.cat\/web\/wp-content\/uploads\/2023\/06\/FORADADA.webp&#8221; background_enable_image=&#8221;on&#8221; global_colors_info=&#8221;{}&#8221; sticky_transition=&#8221;on&#8221;][\/et_pb_slide][et_pb_slide _builder_version=&#8221;4.21.0&#8243; _module_preset=&#8221;default&#8221; background_enable_color=&#8221;off&#8221; background_image=&#8221;https:\/\/roquetes.cat\/web\/wp-content\/uploads\/2023\/06\/PUNYETES.webp&#8221; background_enable_image=&#8221;on&#8221; global_colors_info=&#8221;{}&#8221; sticky_transition=&#8221;on&#8221;][\/et_pb_slide][\/et_pb_fullwidth_slider][et_pb_fullwidth_image src=&#8221;https:\/\/roquetes.cat\/web\/wp-content\/uploads\/2023\/06\/ROQUETES_CANAL.webp&#8221; disabled_on=&#8221;off|on|on&#8221; _builder_version=&#8221;4.21.0&#8243; _module_preset=&#8221;default&#8221; global_colors_info=&#8221;{}&#8221;][\/et_pb_fullwidth_image][\/et_pb_section][et_pb_section fb_built=&#8221;1&#8243; _builder_version=&#8221;4.16&#8243; _module_preset=&#8221;default&#8221; custom_padding=&#8221;||0px|||&#8221; global_colors_info=&#8221;{}&#8221;][et_pb_row _builder_version=&#8221;4.21.0&#8243; _module_preset=&#8221;default&#8221; custom_margin=&#8221;-45px||||false|false&#8221; global_colors_info=&#8221;{}&#8221;][et_pb_column type=&#8221;4_4&#8243; _builder_version=&#8221;4.21.0&#8243; _module_preset=&#8221;default&#8221; global_colors_info=&#8221;{}&#8221;][et_pb_image src=&#8221;https:\/\/roquetes.cat\/web\/wp-content\/uploads\/2023\/06\/OFICINA-VIRTUAL.jpg&#8221; title_text=&#8221;TR\u00c0MITS-EN-L\u00cdNIA-PER-LA-CIUTADANIA&#8221; url=&#8221;https:\/\/roquetes.cat\/web\/oficina-virtual\/&#8221; force_fullwidth=&#8221;on&#8221; disabled_on=&#8221;on|on|on&#8221; admin_label=&#8221;OFICINA VIRTUAL&#8221; _builder_version=&#8221;4.21.0&#8243; _module_preset=&#8221;default&#8221; custom_padding=&#8221;|10px||10px|false|false&#8221; border_width_all=&#8221;1px&#8221; border_color_all=&#8221;#d3d3d3&#8243; disabled=&#8221;on&#8221; global_colors_info=&#8221;{}&#8221;][\/et_pb_image][\/et_pb_column][\/et_pb_row][et_pb_row column_structure=&#8221;1_3,1_3,1_3&#8243; _builder_version=&#8221;4.21.0&#8243; _module_preset=&#8221;default&#8221; custom_margin=&#8221;-45px||||false|false&#8221; global_colors_info=&#8221;{}&#8221;][et_pb_column type=&#8221;1_3&#8243; _builder_version=&#8221;4.27.4&#8243; _module_preset=&#8221;default&#8221; global_colors_info=&#8221;{}&#8221;][et_pb_image src=&#8221;https:\/\/roquetes.cat\/web\/wp-content\/uploads\/2025\/02\/Banner_Cafe_Alcalde.png&#8221; title_text=&#8221;Banner_Cafe_Alcalde&#8221; url=&#8221;https:\/\/web.eagora.app\/a\/roquetes\/booking&#8221; url_new_window=&#8221;on&#8221; _builder_version=&#8221;4.27.4&#8243; _module_preset=&#8221;default&#8221; global_colors_info=&#8221;{}&#8221;][\/et_pb_image][\/et_pb_column][et_pb_column type=&#8221;1_3&#8243; _builder_version=&#8221;4.21.0&#8243; _module_preset=&#8221;default&#8221; global_colors_info=&#8221;{}&#8221;][et_pb_image src=&#8221;https:\/\/roquetes.cat\/web\/wp-content\/uploads\/2024\/04\/Oficina_Virtual.png&#8221; title_text=&#8221;Oficina_Virtual&#8221; url=&#8221;https:\/\/roquetes.cat\/web\/oficina-virtual\/&#8221; disabled_on=&#8221;off|off|off&#8221; _builder_version=&#8221;4.25.0&#8243; _module_preset=&#8221;default&#8221; global_colors_info=&#8221;{}&#8221;][\/et_pb_image][\/et_pb_column][et_pb_column type=&#8221;1_3&#8243; _builder_version=&#8221;4.21.0&#8243; _module_preset=&#8221;default&#8221; global_colors_info=&#8221;{}&#8221;][et_pb_image src=&#8221;https:\/\/roquetes.cat\/web\/wp-content\/uploads\/2024\/05\/Banner_Llar-Infants-La_Caramella_02.png&#8221; title_text=&#8221;Banner_Llar-Infants-La_Caramella_02&#8243; url=&#8221;https:\/\/roquetes.cat\/web\/llar&#8221; disabled_on=&#8221;off|off|off&#8221; _builder_version=&#8221;4.25.2&#8243; _module_preset=&#8221;default&#8221; global_colors_info=&#8221;{}&#8221;][\/et_pb_image][\/et_pb_column][\/et_pb_row][et_pb_row column_structure=&#8221;1_3,1_3,1_3&#8243; disabled_on=&#8221;on|off|off&#8221; _builder_version=&#8221;4.27.4&#8243; _module_preset=&#8221;default&#8221; global_colors_info=&#8221;{}&#8221;][et_pb_column type=&#8221;1_3&#8243; _builder_version=&#8221;4.27.4&#8243; _module_preset=&#8221;default&#8221; global_colors_info=&#8221;{}&#8221;][et_pb_button button_url=&#8221;https:\/\/roquetes.cat\/web\/padro&#8221; url_new_window=&#8221;on&#8221; button_text=&#8221;Cita pr\u00e8via Padr\u00f3&#8221; button_alignment=&#8221;center&#8221; _builder_version=&#8221;4.27.5&#8243; _module_preset=&#8221;default&#8221; custom_button=&#8221;on&#8221; button_text_size=&#8221;26px&#8221; button_bg_color=&#8221;#E09900&#8243; button_border_width=&#8221;0px&#8221; button_border_radius=&#8221;8px&#8221; button_letter_spacing=&#8221;0px&#8221; button_font=&#8221;Arial|600|||||||&#8221; button_icon=&#8221;&#xf15c;||fa||400&#8243; button_icon_color=&#8221;#FFFFFF&#8221; button_icon_placement=&#8221;left&#8221; button_on_hover=&#8221;off&#8221; background_layout=&#8221;dark&#8221; custom_margin=&#8221;0px||||false|false&#8221; custom_padding=&#8221;20px|40px|20px|75px|false|false&#8221; box_shadow_style=&#8221;preset3&#8243; global_colors_info=&#8221;{}&#8221;][\/et_pb_button][\/et_pb_column][et_pb_column type=&#8221;1_3&#8243; _builder_version=&#8221;4.27.4&#8243; _module_preset=&#8221;default&#8221; global_colors_info=&#8221;{}&#8221;][et_pb_button button_url=&#8221;https:\/\/web.eagora.app\/a\/roquetes\/details\/01JJ9R124FGQ9GD103B737DXPV\/peticio-recollida-de-voluminosos&#8221; url_new_window=&#8221;on&#8221; button_text=&#8221;Recollida de Voluminosos&#8221; button_alignment=&#8221;center&#8221; _builder_version=&#8221;4.27.4&#8243; _module_preset=&#8221;default&#8221; custom_button=&#8221;on&#8221; button_text_size=&#8221;26px&#8221; button_bg_color=&#8221;#00bfd1&#8243; button_border_width=&#8221;0px&#8221; button_border_radius=&#8221;8px&#8221; button_letter_spacing=&#8221;0px&#8221; button_font=&#8221;Arial|600|||||||&#8221; button_icon=&#8221;&#xf06c;||fa||900&#8243; button_icon_color=&#8221;#FFFFFF&#8221; button_icon_placement=&#8221;left&#8221; button_on_hover=&#8221;off&#8221; background_layout=&#8221;dark&#8221; custom_margin=&#8221;0px||||false|false&#8221; custom_padding=&#8221;20px|40px|20px|75px|false|false&#8221; box_shadow_style=&#8221;preset3&#8243; global_colors_info=&#8221;{}&#8221;][\/et_pb_button][\/et_pb_column][et_pb_column type=&#8221;1_3&#8243; _builder_version=&#8221;4.27.4&#8243; _module_preset=&#8221;default&#8221; global_colors_info=&#8221;{}&#8221;][et_pb_button button_url=&#8221;https:\/\/web.eagora.app\/a\/roquetes\/booking&#8221; url_new_window=&#8221;on&#8221; button_text=&#8221;Reserva Pistes tenis&#8221; button_alignment=&#8221;center&#8221; _builder_version=&#8221;4.27.4&#8243; _module_preset=&#8221;default&#8221; custom_button=&#8221;on&#8221; button_text_size=&#8221;26px&#8221; button_bg_color=&#8221;#00ba94&#8243; button_border_width=&#8221;0px&#8221; button_border_radius=&#8221;8px&#8221; button_letter_spacing=&#8221;0px&#8221; button_font=&#8221;Arial|600|||||||&#8221; button_icon=&#8221;&#xf433;||fa||900&#8243; button_icon_color=&#8221;#FFFFFF&#8221; button_icon_placement=&#8221;left&#8221; button_on_hover=&#8221;off&#8221; background_layout=&#8221;dark&#8221; custom_margin=&#8221;0px||||false|false&#8221; custom_padding=&#8221;20px|40px|20px|75px|false|false&#8221; box_shadow_style=&#8221;preset3&#8243; global_colors_info=&#8221;{}&#8221;][\/et_pb_button][\/et_pb_column][\/et_pb_row][et_pb_row column_structure=&#8221;1_3,1_3,1_3&#8243; disabled_on=&#8221;on|off|off&#8221; _builder_version=&#8221;4.27.4&#8243; _module_preset=&#8221;default&#8221; global_colors_info=&#8221;{}&#8221;][et_pb_column type=&#8221;1_3&#8243; _builder_version=&#8221;4.27.4&#8243; _module_preset=&#8221;default&#8221; global_colors_info=&#8221;{}&#8221;][et_pb_button button_url=&#8221;https:\/\/web.eagora.app\/a\/roquetes\/booking&#8221; url_new_window=&#8221;on&#8221; button_text=&#8221;Cita pr\u00e8via Servei municipal aigua&#8221; button_alignment=&#8221;center&#8221; disabled_on=&#8221;off|off|off&#8221; _builder_version=&#8221;4.27.4&#8243; _module_preset=&#8221;default&#8221; custom_button=&#8221;on&#8221; button_text_size=&#8221;26px&#8221; button_bg_color=&#8221;#0C71C3&#8243; button_border_width=&#8221;0px&#8221; button_border_radius=&#8221;8px&#8221; button_letter_spacing=&#8221;0px&#8221; button_font=&#8221;Arial|600|||||||&#8221; button_icon=&#8221;&#xf043;||fa||900&#8243; button_icon_color=&#8221;#FFFFFF&#8221; button_icon_placement=&#8221;left&#8221; button_on_hover=&#8221;off&#8221; background_layout=&#8221;dark&#8221; custom_margin=&#8221;0px||||false|false&#8221; custom_padding=&#8221;20px|40px|20px|75px|false|false&#8221; box_shadow_style=&#8221;preset3&#8243; global_colors_info=&#8221;{}&#8221;][\/et_pb_button][\/et_pb_column][et_pb_column type=&#8221;1_3&#8243; _builder_version=&#8221;4.27.4&#8243; _module_preset=&#8221;default&#8221; global_colors_info=&#8221;{}&#8221;][et_pb_button button_url=&#8221;https:\/\/forms.office.com\/Pages\/ResponsePage.aspx?id=jyMVabrDjEm6Q3pObTb3W3BjJ_IkqEdMmsNjP6vPMhtUMFYwSU9HT09OUTc1Rk5UVjdTSlpXUTAyVC4u&#038;origin=QRCode&#8221; url_new_window=&#8221;on&#8221; button_text=&#8221;Dispositiu d&#8217;Inserci\u00f3 Sociolaboral&#8221; button_alignment=&#8221;center&#8221; _builder_version=&#8221;4.27.4&#8243; _module_preset=&#8221;default&#8221; custom_button=&#8221;on&#8221; button_text_size=&#8221;26px&#8221; button_bg_color=&#8221;#8c003c&#8221; button_border_width=&#8221;0px&#8221; button_border_radius=&#8221;8px&#8221; button_letter_spacing=&#8221;0px&#8221; button_font=&#8221;Arial|600|||||||&#8221; button_icon=&#8221;&#xe085;||divi||400&#8243; button_icon_color=&#8221;#FFFFFF&#8221; button_icon_placement=&#8221;left&#8221; button_on_hover=&#8221;off&#8221; background_layout=&#8221;dark&#8221; custom_margin=&#8221;0px||||false|false&#8221; custom_padding=&#8221;20px|40px|20px|75px|false|false&#8221; box_shadow_style=&#8221;preset3&#8243; global_colors_info=&#8221;{}&#8221;][\/et_pb_button][\/et_pb_column][et_pb_column type=&#8221;1_3&#8243; _builder_version=&#8221;4.27.4&#8243; _module_preset=&#8221;default&#8221; global_colors_info=&#8221;{}&#8221;][et_pb_button button_url=&#8221;https:\/\/outlook.office365.com\/book\/AtenciCiutadaniaEnergia@baixebre.cat\/s\/qQ4XkGXzrUG8GfzM0O0Izw2&#8243; url_new_window=&#8221;on&#8221; button_text=&#8221;Atenci\u00f3 Ciutadania Energia&#8221; button_alignment=&#8221;center&#8221; _builder_version=&#8221;4.27.4&#8243; _module_preset=&#8221;default&#8221; custom_button=&#8221;on&#8221; button_text_size=&#8221;26px&#8221; button_bg_color=&#8221;#7CDA24&#8243; button_border_width=&#8221;0px&#8221; button_border_radius=&#8221;8px&#8221; button_letter_spacing=&#8221;0px&#8221; button_font=&#8221;Arial|600|||||||&#8221; button_icon=&#8221;&#xf0eb;||fa||900&#8243; button_icon_placement=&#8221;left&#8221; button_on_hover=&#8221;off&#8221; background_layout=&#8221;dark&#8221; custom_margin=&#8221;0px||||false|false&#8221; custom_padding=&#8221;20px|40px|20px|75px|false|false&#8221; box_shadow_style=&#8221;preset3&#8243; global_colors_info=&#8221;{}&#8221;][\/et_pb_button][\/et_pb_column][\/et_pb_row][et_pb_row column_structure=&#8221;1_3,1_3,1_3&#8243; disabled_on=&#8221;off|on|on&#8221; _builder_version=&#8221;4.27.4&#8243; _module_preset=&#8221;default&#8221; global_colors_info=&#8221;{}&#8221;][et_pb_column type=&#8221;1_3&#8243; _builder_version=&#8221;4.27.4&#8243; _module_preset=&#8221;default&#8221; global_colors_info=&#8221;{}&#8221;][et_pb_button button_url=&#8221;https:\/\/roquetes.cat\/web\/padro&#8221; url_new_window=&#8221;on&#8221; button_text=&#8221;Cita pr\u00e8via Padr\u00f3&#8221; button_alignment=&#8221;center&#8221; _builder_version=&#8221;4.27.5&#8243; _module_preset=&#8221;default&#8221; custom_button=&#8221;on&#8221; button_text_size=&#8221;26px&#8221; button_bg_color=&#8221;#E09900&#8243; button_border_width=&#8221;0px&#8221; button_border_radius=&#8221;8px&#8221; button_letter_spacing=&#8221;0px&#8221; button_font=&#8221;Arial|600|||||||&#8221; button_icon=&#8221;&#xf15c;||fa||400&#8243; button_icon_color=&#8221;#FFFFFF&#8221; button_icon_placement=&#8221;left&#8221; button_on_hover=&#8221;off&#8221; background_layout=&#8221;dark&#8221; custom_margin=&#8221;0px||||false|false&#8221; custom_padding=&#8221;0px|5px|0px|40px|false|false&#8221; box_shadow_style=&#8221;preset3&#8243; global_colors_info=&#8221;{}&#8221;][\/et_pb_button][\/et_pb_column][et_pb_column type=&#8221;1_3&#8243; _builder_version=&#8221;4.27.4&#8243; _module_preset=&#8221;default&#8221; global_colors_info=&#8221;{}&#8221;][et_pb_button button_url=&#8221;https:\/\/web.eagora.app\/a\/roquetes\/details\/01JJ9R124FGQ9GD103B737DXPV\/peticio-recollida-de-voluminosos&#8221; url_new_window=&#8221;on&#8221; button_text=&#8221;Recollida de Voluminosos&#8221; button_alignment=&#8221;center&#8221; _builder_version=&#8221;4.27.4&#8243; _module_preset=&#8221;default&#8221; custom_button=&#8221;on&#8221; button_text_size=&#8221;26px&#8221; button_bg_color=&#8221;#00bfd1&#8243; button_border_width=&#8221;0px&#8221; button_border_radius=&#8221;8px&#8221; button_letter_spacing=&#8221;0px&#8221; button_font=&#8221;Arial|600|||||||&#8221; button_icon=&#8221;&#xf06c;||fa||900&#8243; button_icon_color=&#8221;#FFFFFF&#8221; button_icon_placement=&#8221;left&#8221; button_on_hover=&#8221;off&#8221; z_index=&#8221;0&#8243; background_layout=&#8221;dark&#8221; custom_margin=&#8221;0px||||false|false&#8221; custom_padding=&#8221;0px|5px|0px|40px|false|false&#8221; box_shadow_style=&#8221;preset3&#8243; global_colors_info=&#8221;{}&#8221;][\/et_pb_button][\/et_pb_column][et_pb_column type=&#8221;1_3&#8243; _builder_version=&#8221;4.27.4&#8243; _module_preset=&#8221;default&#8221; global_colors_info=&#8221;{}&#8221;][et_pb_button button_url=&#8221;https:\/\/web.eagora.app\/a\/roquetes\/booking&#8221; url_new_window=&#8221;on&#8221; button_text=&#8221;Reserva Pistes tenis&#8221; button_alignment=&#8221;center&#8221; _builder_version=&#8221;4.27.4&#8243; _module_preset=&#8221;default&#8221; custom_button=&#8221;on&#8221; button_text_size=&#8221;26px&#8221; button_bg_color=&#8221;#00ba94&#8243; button_border_width=&#8221;0px&#8221; button_border_radius=&#8221;8px&#8221; button_letter_spacing=&#8221;0px&#8221; button_font=&#8221;Arial|600|||||||&#8221; button_icon=&#8221;&#xf433;||fa||900&#8243; button_icon_color=&#8221;#FFFFFF&#8221; button_icon_placement=&#8221;left&#8221; button_on_hover=&#8221;off&#8221; background_layout=&#8221;dark&#8221; custom_margin=&#8221;0px||||false|false&#8221; custom_padding=&#8221;0px|5px|0px|40px|false|false&#8221; box_shadow_style=&#8221;preset3&#8243; global_colors_info=&#8221;{}&#8221;][\/et_pb_button][\/et_pb_column][\/et_pb_row][et_pb_row column_structure=&#8221;1_3,1_3,1_3&#8243; disabled_on=&#8221;off|on|on&#8221; _builder_version=&#8221;4.27.4&#8243; _module_preset=&#8221;default&#8221; global_colors_info=&#8221;{}&#8221;][et_pb_column type=&#8221;1_3&#8243; _builder_version=&#8221;4.27.4&#8243; _module_preset=&#8221;default&#8221; global_colors_info=&#8221;{}&#8221;][et_pb_button button_url=&#8221;https:\/\/web.eagora.app\/a\/roquetes\/booking&#8221; url_new_window=&#8221;on&#8221; button_text=&#8221;Cita pr\u00e8via Servei municipal aigua&#8221; button_alignment=&#8221;center&#8221; disabled_on=&#8221;off|off|off&#8221; _builder_version=&#8221;4.27.4&#8243; _module_preset=&#8221;default&#8221; custom_button=&#8221;on&#8221; button_text_size=&#8221;26px&#8221; button_bg_color=&#8221;#0C71C3&#8243; button_border_width=&#8221;0px&#8221; button_border_radius=&#8221;8px&#8221; button_letter_spacing=&#8221;0px&#8221; button_font=&#8221;Arial|600|||||||&#8221; button_icon=&#8221;&#xf043;||fa||900&#8243; button_icon_color=&#8221;#FFFFFF&#8221; button_icon_placement=&#8221;left&#8221; button_on_hover=&#8221;off&#8221; background_layout=&#8221;dark&#8221; custom_margin=&#8221;0px||||false|false&#8221; custom_padding=&#8221;0px|5px|0px|40px|false|false&#8221; box_shadow_style=&#8221;preset3&#8243; global_colors_info=&#8221;{}&#8221;][\/et_pb_button][\/et_pb_column][et_pb_column type=&#8221;1_3&#8243; _builder_version=&#8221;4.27.4&#8243; _module_preset=&#8221;default&#8221; global_colors_info=&#8221;{}&#8221;][et_pb_button button_url=&#8221;https:\/\/forms.office.com\/Pages\/ResponsePage.aspx?id=jyMVabrDjEm6Q3pObTb3W3BjJ_IkqEdMmsNjP6vPMhtUMFYwSU9HT09OUTc1Rk5UVjdTSlpXUTAyVC4u&#038;origin=QRCode&#8221; url_new_window=&#8221;on&#8221; button_text=&#8221;Dispositiu d&#8217;Inserci\u00f3 Sociolaboral&#8221; button_alignment=&#8221;center&#8221; _builder_version=&#8221;4.27.4&#8243; _module_preset=&#8221;default&#8221; custom_button=&#8221;on&#8221; button_text_size=&#8221;26px&#8221; button_bg_color=&#8221;#8c003c&#8221; button_border_width=&#8221;0px&#8221; button_border_radius=&#8221;8px&#8221; button_letter_spacing=&#8221;0px&#8221; button_font=&#8221;Arial|600|||||||&#8221; button_icon=&#8221;&#xe085;||divi||400&#8243; button_icon_color=&#8221;#FFFFFF&#8221; button_icon_placement=&#8221;left&#8221; button_on_hover=&#8221;off&#8221; z_index=&#8221;0&#8243; background_layout=&#8221;dark&#8221; custom_margin=&#8221;0px||||false|false&#8221; custom_padding=&#8221;0px|5px|0px|40px|false|false&#8221; box_shadow_style=&#8221;preset3&#8243; global_colors_info=&#8221;{}&#8221;][\/et_pb_button][\/et_pb_column][et_pb_column type=&#8221;1_3&#8243; _builder_version=&#8221;4.27.4&#8243; _module_preset=&#8221;default&#8221; global_colors_info=&#8221;{}&#8221;][et_pb_button button_url=&#8221;https:\/\/outlook.office365.com\/book\/AtenciCiutadaniaEnergia@baixebre.cat\/s\/qQ4XkGXzrUG8GfzM0O0Izw2&#8243; url_new_window=&#8221;on&#8221; button_text=&#8221;Atenci\u00f3 Ciutadania Energia&#8221; button_alignment=&#8221;center&#8221; _builder_version=&#8221;4.27.4&#8243; _module_preset=&#8221;default&#8221; custom_button=&#8221;on&#8221; button_text_size=&#8221;26px&#8221; button_bg_color=&#8221;#7cda24&#8243; button_border_width=&#8221;0px&#8221; button_border_radius=&#8221;8px&#8221; button_letter_spacing=&#8221;0px&#8221; button_font=&#8221;Arial|600|||||||&#8221; button_icon=&#8221;&#xf0eb;||fa||900&#8243; button_icon_color=&#8221;#FFFFFF&#8221; button_icon_placement=&#8221;left&#8221; button_on_hover=&#8221;off&#8221; background_layout=&#8221;dark&#8221; custom_margin=&#8221;0px||||false|false&#8221; custom_padding=&#8221;0px|5px|0px|40px|false|false&#8221; box_shadow_style=&#8221;preset3&#8243; global_colors_info=&#8221;{}&#8221;][\/et_pb_button][\/et_pb_column][\/et_pb_row][et_pb_row _builder_version=&#8221;4.19.5&#8243; _module_preset=&#8221;default&#8221; custom_margin=&#8221;0px||||false|false&#8221; custom_padding=&#8221;0px|10px||10px|false|true&#8221; global_colors_info=&#8221;{}&#8221;][et_pb_column type=&#8221;4_4&#8243; _builder_version=&#8221;4.16&#8243; _module_preset=&#8221;default&#8221; global_colors_info=&#8221;{}&#8221;][et_pb_text disabled_on=&#8221;on|on|on&#8221; admin_label=&#8221;T\u00cdTOL AGENDA&#8221; _builder_version=&#8221;4.21.2&#8243; _module_preset=&#8221;default&#8221; text_font=&#8221;Roboto|700|||||||&#8221; text_font_size=&#8221;20px&#8221; header_font=&#8221;Ubuntu|700|||||||&#8221; header_font_size=&#8221;26px&#8221; background_color=&#8221;#3d3d3d&#8221; text_orientation=&#8221;center&#8221; custom_margin=&#8221;||-1px|||&#8221; custom_padding=&#8221;10px||10px||true|false&#8221; link_option_url=&#8221;https:\/\/roquetes.cat\/web\/pressupost-participatiu-2023\/&#8221; border_width_all=&#8221;1px&#8221; border_color_all=&#8221;#e8e8e8&#8243; disabled=&#8221;on&#8221; global_colors_info=&#8221;{}&#8221;]<\/p>\n<h1 style=\"text-align: center;\"><span style=\"color: #fddd35;\"><strong>Pressupostos Participatius<\/strong><\/span><\/h1>\n<p>[\/et_pb_text][et_pb_image src=&#8221;https:\/\/roquetes.cat\/web\/wp-content\/uploads\/2025\/10\/BANNER-PRESSUPOSTOS-PARTICIPATIUS-2025-BO.gif&#8221; title_text=&#8221;BANNER-PRESSUPOSTOS-PARTICIPATIUS-2025 BO&#8221; url=&#8221;https:\/\/web.eagora.app\/a\/roquetes\/participatory-budgets&#8221; url_new_window=&#8221;on&#8221; force_fullwidth=&#8221;on&#8221; disabled_on=&#8221;on|on|on&#8221; admin_label=&#8221;PRESSUPOSTOS PARTICIPATIUS 2023 BANNER ENLLA\u00c7AT (ACTIVAR)&#8221; _builder_version=&#8221;4.27.4&#8243; _module_preset=&#8221;default&#8221; custom_padding=&#8221;0px|||||&#8221; border_width_all=&#8221;1px&#8221; border_color_all=&#8221;#bababa&#8221; disabled=&#8221;on&#8221; global_colors_info=&#8221;{}&#8221;][\/et_pb_image][et_pb_text admin_label=&#8221;ACTUALITAT&#8221; _builder_version=&#8221;4.21.0&#8243; _module_preset=&#8221;default&#8221; text_font=&#8221;|700|||||||&#8221; text_text_color=&#8221;#fddd35&#8243; text_font_size=&#8221;20px&#8221; header_font=&#8221;Ubuntu|700|||||||&#8221; header_font_size=&#8221;26px&#8221; background_color=&#8221;#3d3d3d&#8221; text_orientation=&#8221;center&#8221; custom_margin=&#8221;0px|0px|20px|0px|false|false&#8221; custom_padding=&#8221;10px||10px||true|false&#8221; border_width_all=&#8221;1px&#8221; border_color_all=&#8221;#e8e8e8&#8243; global_colors_info=&#8221;{}&#8221;]<\/p>\n<h1><span style=\"color: #fddd35;\"><strong>Not\u00edcies i actualitat<\/strong><\/span><\/h1>\n<p>[\/et_pb_text][et_pb_toggle title=&#8221;\ud83d\uddf3\ufe0f NOTA INFORMATIVA: ELECCIONS A CORTS GENERALS DEL 23 DE JULIOL DE 2023&#8243; open_toggle_text_color=&#8221;#000000&#8243; icon_color=&#8221;#000000&#8243; toggle_icon=&#8221;&#xe044;||divi||400&#8243; disabled_on=&#8221;on|on|on&#8221; admin_label=&#8221;AV\u00cdS IMPORTANT&#8221; _builder_version=&#8221;4.21.0&#8243; _module_preset=&#8221;default&#8221; title_text_color=&#8221;#000000&#8243; title_level=&#8221;h4&#8243; title_font=&#8221;||||||||&#8221; title_font_size=&#8221;14px&#8221; title_line_height=&#8221;1.5em&#8221; background_color=&#8221;RGBA(255,255,255,0)&#8221; custom_margin=&#8221;-20px||||false|false&#8221; disabled=&#8221;on&#8221; global_colors_info=&#8221;{}&#8221;]<\/p>\n<p>Davant les properes Eleccions a Corts Generals, que tindran lloc el proper dia 23 de juliol de 2023, els informem dels seg\u00fcents terminis:<\/p>\n<p>Sol\u00b7licitud de vot per correu\u00a0(Oficina de correus)<\/p>\n<p>&#8211; Del 30 de maig al 13 de juliol<\/p>\n<p>Consulta i reclamacions al Cens Electoral (Ajuntament)<\/p>\n<p>&#8211; Del 5 al 12 de juny de 2023<\/p>\n<p>Horari: Dies laborables: de 9 a 14 hores a les oficines de l\u2019Ajuntament<\/p>\n<p>Dies festius: de 9 a 14 hores, dirigir-se a la Policia Local, situada al C\/ Rebull, 7 baixos, entrada pel Passeig del Canal o al tel\u00e8fon 977 50 16 00.<\/p>\n<p>La qual cosa es comunica per a al seu coneixement i efectes oportuns.<\/p>\n<p>[\/et_pb_toggle][et_pb_button button_url=&#8221;https:\/\/www.flickr.com\/photos\/ajroquetes\/collections\/72157721882633701\/&#8221; url_new_window=&#8221;on&#8221; button_text=&#8221;\ud83d\udcf8 Galeria fotogr\u00e0fica Festes Majors Roquetes 2023&#8243; button_alignment=&#8221;center&#8221; button_text_last_edited=&#8221;off|desktop&#8221; disabled_on=&#8221;on|on|on&#8221; admin_label=&#8221;Galeria fotogr\u00e0fica Festes Majors Roquetes 2023&#8243; _builder_version=&#8221;4.21.0&#8243; _module_preset=&#8221;default&#8221; custom_button=&#8221;on&#8221; button_text_size=&#8221;27px&#8221; button_text_color=&#8221;#fddd35&#8243; button_bg_color=&#8221;#3d3d3d&#8221; button_border_width=&#8221;4px&#8221; button_border_radius=&#8221;47px&#8221; button_letter_spacing=&#8221;0px&#8221; button_font=&#8221;|600|||||||&#8221; button_use_icon=&#8221;off&#8221; background_layout=&#8221;dark&#8221; animation_style=&#8221;slide&#8221; disabled=&#8221;on&#8221; global_colors_info=&#8221;{}&#8221;][\/et_pb_button][et_pb_blog fullwidth=&#8221;off&#8221; posts_number=&#8221;6&#8243; include_categories=&#8221;34&#8243; use_manual_excerpt=&#8221;off&#8221; excerpt_length=&#8221;100&#8243; show_author=&#8221;off&#8221; show_date=&#8221;off&#8221; show_categories=&#8221;off&#8221; show_excerpt=&#8221;off&#8221; show_pagination=&#8221;off&#8221; disabled_on=&#8221;on|off|off&#8221; admin_label=&#8221;NOTICIES -BLOG ESCRITORI&#8221; module_class=&#8221;pa-blog-image-16-9&#8243; _builder_version=&#8221;4.21.0&#8243; _module_preset=&#8221;default&#8221; header_font=&#8221;||||||||&#8221; header_font_size=&#8221;15px&#8221; header_line_height=&#8221;1.3em&#8221; body_font=&#8221;||||||||&#8221; meta_font=&#8221;Ubuntu||||||||&#8221; background_enable_color=&#8221;off&#8221; border_color_all=&#8221;#e8e8e8&#8243; border_width_all_image=&#8221;1px&#8221; border_color_all_image=&#8221;#e8e8e8&#8243; box_shadow_style=&#8221;preset3&#8243; locked=&#8221;off&#8221; global_colors_info=&#8221;{}&#8221; custom_css_post_meta_last_edited=&#8221;on|phone&#8221;][\/et_pb_blog][et_pb_blog fullwidth=&#8221;off&#8221; posts_number=&#8221;3&#8243; include_categories=&#8221;34&#8243; use_manual_excerpt=&#8221;off&#8221; excerpt_length=&#8221;100&#8243; show_author=&#8221;off&#8221; show_date=&#8221;off&#8221; show_categories=&#8221;off&#8221; show_excerpt=&#8221;off&#8221; show_pagination=&#8221;off&#8221; disabled_on=&#8221;off|on|on&#8221; admin_label=&#8221;NOTICIES -BLOG MOBIL&#8221; module_class=&#8221;pa-blog-image-16-9&#8243; _builder_version=&#8221;4.21.0&#8243; _module_preset=&#8221;default&#8221; header_font=&#8221;||||||||&#8221; header_font_size=&#8221;16px&#8221; header_line_height=&#8221;1.3em&#8221; body_font=&#8221;||||||||&#8221; meta_font=&#8221;Ubuntu||||||||&#8221; border_color_all=&#8221;#e8e8e8&#8243; box_shadow_style=&#8221;preset3&#8243; locked=&#8221;off&#8221; global_colors_info=&#8221;{}&#8221; custom_css_post_meta_last_edited=&#8221;on|phone&#8221;][\/et_pb_blog][\/et_pb_column][\/et_pb_row][et_pb_row disabled_on=&#8221;off|off|off&#8221; admin_label=&#8221;versio escritori&#8221; _builder_version=&#8221;4.21.0&#8243; _module_preset=&#8221;default&#8221; custom_margin=&#8221;-40px||||false|false&#8221; global_colors_info=&#8221;{}&#8221;][et_pb_column type=&#8221;4_4&#8243; _builder_version=&#8221;4.21.0&#8243; _module_preset=&#8221;default&#8221; global_colors_info=&#8221;{}&#8221;][et_pb_button button_url=&#8221;https:\/\/roquetes.cat\/web\/noticies\/&#8221; button_text=&#8221;M\u00e9s Not\u00edcies&#8221; button_alignment=&#8221;center&#8221; admin_label=&#8221;M\u00c9S NOT\u00cdCIES &#8211; BOTO&#8221; _builder_version=&#8221;4.23.1&#8243; _module_preset=&#8221;default&#8221; custom_button=&#8221;on&#8221; button_text_color=&#8221;#fddd35&#8243; button_bg_color=&#8221;#3d3d3d&#8221; button_border_width=&#8221;0px&#8221; custom_margin=&#8221;|-50px|||false|false&#8221; custom_padding=&#8221;||||false|false&#8221; global_colors_info=&#8221;{}&#8221;][\/et_pb_button][\/et_pb_column][\/et_pb_row][et_pb_row column_structure=&#8221;1_2,1_2&#8243; disabled_on=&#8221;on|on|on&#8221; _builder_version=&#8221;4.23.1&#8243; _module_preset=&#8221;default&#8221; disabled=&#8221;on&#8221; global_colors_info=&#8221;{}&#8221;][et_pb_column type=&#8221;1_2&#8243; _builder_version=&#8221;4.23.1&#8243; _module_preset=&#8221;default&#8221; global_colors_info=&#8221;{}&#8221;][et_pb_button button_url=&#8221;https:\/\/web.eagora.app\/a\/roquetes&#8221; url_new_window=&#8221;on&#8221; button_text=&#8221;    eAgora&#8221; button_alignment=&#8221;center&#8221; _builder_version=&#8221;4.23.1&#8243; _module_preset=&#8221;default&#8221; custom_button=&#8221;on&#8221; button_text_color=&#8221;#fddd35&#8243; button_bg_color=&#8221;#3d3d3d&#8221; button_icon=&#8221;&#xf0c0;||fa||900&#8243; button_icon_placement=&#8221;left&#8221; button_on_hover=&#8221;off&#8221; background_layout=&#8221;dark&#8221; custom_margin=&#8221;||0px||false|false&#8221; custom_css_main_element=&#8221;width: 100%;&#8221; global_colors_info=&#8221;{}&#8221;][\/et_pb_button][et_pb_code _builder_version=&#8221;4.23.1&#8243; _module_preset=&#8221;default&#8221; text_orientation=&#8221;justified&#8221; custom_padding=&#8221;15px|20px||10px|false|false&#8221; box_shadow_style=&#8221;preset2&#8243; global_colors_info=&#8221;{}&#8221;][wp-rss-aggregator feeds=&#8221;eagora-2&#8243;][\/et_pb_code][\/et_pb_column][et_pb_column type=&#8221;1_2&#8243; _builder_version=&#8221;4.23.1&#8243; _module_preset=&#8221;default&#8221; global_colors_info=&#8221;{}&#8221;][et_pb_button button_url=&#8221;https:\/\/web.eagora.app\/a\/roquetes&#8221; url_new_window=&#8221;on&#8221; button_text=&#8221;Tauler d&#8217;anuncis oficials&#8221; button_alignment=&#8221;center&#8221; _builder_version=&#8221;4.23.1&#8243; _module_preset=&#8221;default&#8221; custom_button=&#8221;on&#8221; button_text_color=&#8221;#fddd35&#8243; button_bg_color=&#8221;#3d3d3d&#8221; button_icon=&#8221;&#xf2d0;||fa||400&#8243; button_icon_placement=&#8221;left&#8221; button_on_hover=&#8221;off&#8221; background_layout=&#8221;dark&#8221; custom_margin=&#8221;||0px||false|false&#8221; custom_css_main_element=&#8221;width: 100%;&#8221; global_colors_info=&#8221;{}&#8221;][\/et_pb_button][et_pb_code _builder_version=&#8221;4.23.1&#8243; _module_preset=&#8221;default&#8221; text_orientation=&#8221;justified&#8221; custom_margin=&#8221;0px||||false|false&#8221; custom_padding=&#8221;15px|20px|0px|10px|false|false&#8221; box_shadow_style=&#8221;preset2&#8243; global_colors_info=&#8221;{}&#8221;][wp-rss-aggregator sources=&#8221;10900&#8243;][\/et_pb_code][\/et_pb_column][\/et_pb_row][et_pb_row disabled_on=&#8221;off|off|off&#8221; _builder_version=&#8221;4.20.0&#8243; _module_preset=&#8221;default&#8221; custom_margin=&#8221;||0px||false|false&#8221; global_colors_info=&#8221;{}&#8221;][et_pb_column type=&#8221;4_4&#8243; _builder_version=&#8221;4.20.0&#8243; _module_preset=&#8221;default&#8221; global_colors_info=&#8221;{}&#8221;][et_pb_text disabled_on=&#8221;on|off|off&#8221; admin_label=&#8221;T\u00cdTOL AGENDA&#8221; _builder_version=&#8221;4.21.0&#8243; _module_preset=&#8221;default&#8221; text_font=&#8221;Roboto|700|||||||&#8221; text_font_size=&#8221;20px&#8221; header_font=&#8221;Ubuntu|700|||||||&#8221; header_font_size=&#8221;26px&#8221; background_color=&#8221;#3d3d3d&#8221; text_orientation=&#8221;center&#8221; custom_padding=&#8221;10px||10px||true|false&#8221; border_width_all=&#8221;1px&#8221; border_color_all=&#8221;#e8e8e8&#8243; global_colors_info=&#8221;{}&#8221;]<\/p>\n<h1 style=\"text-align: center;\"><span style=\"color: #fddd35;\"><strong>Agenda d&#8217;activitats<\/strong><\/span><\/h1>\n<p>[\/et_pb_text][et_pb_image src=&#8221;https:\/\/roquetes.cat\/web\/wp-content\/uploads\/2024\/06\/Banner_Programa_Festes_Majors_2024.webp&#8221; title_text=&#8221;Banner_Programa_Festes_Majors_2024&#8243; url=&#8221;https:\/\/roquetes.cat\/web\/wp-content\/uploads\/2024\/06\/PROGRAMA_FESTES_ROQUETES-2024.pdf&#8221; url_new_window=&#8221;on&#8221; force_fullwidth=&#8221;on&#8221; disabled_on=&#8221;on|on|on&#8221; admin_label=&#8221;PROGRAMA FESTES MAJORS 2023&#8243; _builder_version=&#8221;4.25.2&#8243; _module_preset=&#8221;default&#8221; disabled=&#8221;on&#8221; global_colors_info=&#8221;{}&#8221;][\/et_pb_image][et_pb_text quote_border_weight=&#8221;1px&#8221; quote_border_color=&#8221;#0C71C3&#8243; disabled_on=&#8221;on|off|off&#8221; admin_label=&#8221;AGENDA D&#8217;ACTIVITATS&#8221; _builder_version=&#8221;4.21.0&#8243; _module_preset=&#8221;default&#8221; custom_margin=&#8221;-35px||||false|false&#8221; custom_padding_tablet=&#8221;&#8221; custom_padding_phone=&#8221;|20px||20px|false|false&#8221; custom_padding_last_edited=&#8221;on|phone&#8221; global_colors_info=&#8221;{}&#8221;]<\/p>\n<p style=\"text-align: center;\"><div id=\"mec_skin_185\" class=\"mec-wrap colorskin-custom  \">\r\n\r\n    <form id=\"mec_search_form_185\" class=\"mec-search-form mec-totalcal-box mec-dropdown-classic\" autocomplete=\"off\"><div class=\"mec-dropdown-wrap\" ><div class=\"mec-dropdown-search\"><i class=\"mec-sl-folder\"><\/i><select  name=' ' id='mec_sf_category_185' class='postform'>\n\t<option value='' selected='selected'>Categoria<\/option>\n\t<option class=\"level-0\" value=\"48\">Agenda<\/option>\n\t<option class=\"level-0\" value=\"49\">Alcaldia<\/option>\n<\/select>\n<\/div><\/div><div class=\"mec-text-input-search\"><i class=\"mec-sl-magnifier\"><\/i>\r\n                    <input type=\"search\" value=\"\" id=\"mec_sf_s_185\" placeholder=\"\" title=\"\" \/>\r\n                <\/div><\/form>\r\n    <div class=\"mec-calendar mec-calendar-daily\">\r\n                <div class=\"mec-skin-daily-view-month-navigator-container mec-calendar-a-month mec-clear\">\r\n            <div class=\"mec-month-navigator\" id=\"mec_month_navigator185_202604\"><div class=\"mec-previous-month mec-color mec-load-month\" data-mec-year=\"2026\" data-mec-month=\"03\"><a href=\"#\" class=\"mec-load-month-link\"><i class=\"mec-sl-angle-left\"><\/i><\/a><\/div><h4>2026 abril<\/h4><div class=\"mec-color mec-next-month mec-load-month\" data-mec-year=\"2026\" data-mec-month=\"05\"><a href=\"#\" class=\"mec-load-month-link\"><i class=\"mec-sl-angle-right\"><\/i><\/a><\/div><\/div>\r\n        <\/div>\r\n        \r\n        <div class=\"mec-skin-daily-view-events-container\" id=\"mec_skin_events_185\">\r\n            <div class=\"mec-month-container mec-calendar-a-day mec-clear\" id=\"mec_daily_view_month_185_202604\">\r\n                <div class=\"mec-today-container mec-calendar-d-top\" id=\"mec_today_container185_202604\"><\/div>\r\n<div class=\"mec-date-labels-container mec-calendar-d-table\"><a href=\"#\" class=\"mec-table-d-prev mec-color\"><i class=\"mec-sl-angle-left\"><\/i><\/a><a href=\"#\" class=\"mec-table-d-next mec-color\"><i class=\"mec-sl-angle-right\"><\/i><\/a><div id=\"mec-owl-calendar-d-table-185-202604\" class=\"mec-daily-view-date-labels mec-owl-carousel mec-owl-theme\"><div class=\"mec-daily-view-day \" id=\"mec_daily_view_day185_20260401\" data-events-count=\"0\" data-month-id=\"202604\" data-day-id=\"20260401\" data-day-weekday=\"Dimecres\" data-day-monthday=\"1\">1<\/div><div class=\"mec-daily-view-day \" id=\"mec_daily_view_day185_20260402\" data-events-count=\"0\" data-month-id=\"202604\" data-day-id=\"20260402\" data-day-weekday=\"Dijous\" data-day-monthday=\"2\">2<\/div><div class=\"mec-daily-view-day mec-has-event\" id=\"mec_daily_view_day185_20260403\" data-events-count=\"1\" data-month-id=\"202604\" data-day-id=\"20260403\" data-day-weekday=\"Divendres\" data-day-monthday=\"3\">3<\/div><div class=\"mec-daily-view-day \" id=\"mec_daily_view_day185_20260404\" data-events-count=\"0\" data-month-id=\"202604\" data-day-id=\"20260404\" data-day-weekday=\"Dissabte\" data-day-monthday=\"4\">4<\/div><div class=\"mec-daily-view-day \" id=\"mec_daily_view_day185_20260405\" data-events-count=\"0\" data-month-id=\"202604\" data-day-id=\"20260405\" data-day-weekday=\"Diumenge\" data-day-monthday=\"5\">5<\/div><div class=\"mec-daily-view-day \" id=\"mec_daily_view_day185_20260406\" data-events-count=\"0\" data-month-id=\"202604\" data-day-id=\"20260406\" data-day-weekday=\"Dilluns\" data-day-monthday=\"6\">6<\/div><div class=\"mec-daily-view-day \" id=\"mec_daily_view_day185_20260407\" data-events-count=\"0\" data-month-id=\"202604\" data-day-id=\"20260407\" data-day-weekday=\"Dimarts\" data-day-monthday=\"7\">7<\/div><div class=\"mec-daily-view-day mec-has-event\" id=\"mec_daily_view_day185_20260408\" data-events-count=\"1\" data-month-id=\"202604\" data-day-id=\"20260408\" data-day-weekday=\"Dimecres\" data-day-monthday=\"8\">8<\/div><div class=\"mec-daily-view-day mec-has-event\" id=\"mec_daily_view_day185_20260409\" data-events-count=\"1\" data-month-id=\"202604\" data-day-id=\"20260409\" data-day-weekday=\"Dijous\" data-day-monthday=\"9\">9<\/div><div class=\"mec-daily-view-day mec-has-event\" id=\"mec_daily_view_day185_20260410\" data-events-count=\"1\" data-month-id=\"202604\" data-day-id=\"20260410\" data-day-weekday=\"Divendres\" data-day-monthday=\"10\">10<\/div><div class=\"mec-daily-view-day mec-has-event\" id=\"mec_daily_view_day185_20260411\" data-events-count=\"2\" data-month-id=\"202604\" data-day-id=\"20260411\" data-day-weekday=\"Dissabte\" data-day-monthday=\"11\">11<\/div><div class=\"mec-daily-view-day mec-has-event\" id=\"mec_daily_view_day185_20260412\" data-events-count=\"1\" data-month-id=\"202604\" data-day-id=\"20260412\" data-day-weekday=\"Diumenge\" data-day-monthday=\"12\">12<\/div><div class=\"mec-daily-view-day mec-has-event\" id=\"mec_daily_view_day185_20260413\" data-events-count=\"1\" data-month-id=\"202604\" data-day-id=\"20260413\" data-day-weekday=\"Dilluns\" data-day-monthday=\"13\">13<\/div><div class=\"mec-daily-view-day mec-has-event\" id=\"mec_daily_view_day185_20260414\" data-events-count=\"1\" data-month-id=\"202604\" data-day-id=\"20260414\" data-day-weekday=\"Dimarts\" data-day-monthday=\"14\">14<\/div><div class=\"mec-daily-view-day mec-has-event\" id=\"mec_daily_view_day185_20260415\" data-events-count=\"2\" data-month-id=\"202604\" data-day-id=\"20260415\" data-day-weekday=\"Dimecres\" data-day-monthday=\"15\">15<\/div><div class=\"mec-daily-view-day mec-has-event\" id=\"mec_daily_view_day185_20260416\" data-events-count=\"1\" data-month-id=\"202604\" data-day-id=\"20260416\" data-day-weekday=\"Dijous\" data-day-monthday=\"16\">16<\/div><div class=\"mec-daily-view-day mec-has-event\" id=\"mec_daily_view_day185_20260417\" data-events-count=\"2\" data-month-id=\"202604\" data-day-id=\"20260417\" data-day-weekday=\"Divendres\" data-day-monthday=\"17\">17<\/div><div class=\"mec-daily-view-day mec-has-event\" id=\"mec_daily_view_day185_20260418\" data-events-count=\"1\" data-month-id=\"202604\" data-day-id=\"20260418\" data-day-weekday=\"Dissabte\" data-day-monthday=\"18\">18<\/div><div class=\"mec-daily-view-day mec-has-event\" id=\"mec_daily_view_day185_20260419\" data-events-count=\"1\" data-month-id=\"202604\" data-day-id=\"20260419\" data-day-weekday=\"Diumenge\" data-day-monthday=\"19\">19<\/div><div class=\"mec-daily-view-day \" id=\"mec_daily_view_day185_20260420\" data-events-count=\"0\" data-month-id=\"202604\" data-day-id=\"20260420\" data-day-weekday=\"Dilluns\" data-day-monthday=\"20\">20<\/div><div class=\"mec-daily-view-day \" id=\"mec_daily_view_day185_20260421\" data-events-count=\"0\" data-month-id=\"202604\" data-day-id=\"20260421\" data-day-weekday=\"Dimarts\" data-day-monthday=\"21\">21<\/div><div class=\"mec-daily-view-day mec-has-event\" id=\"mec_daily_view_day185_20260422\" data-events-count=\"1\" data-month-id=\"202604\" data-day-id=\"20260422\" data-day-weekday=\"Dimecres\" data-day-monthday=\"22\">22<\/div><div class=\"mec-daily-view-day mec-has-event\" id=\"mec_daily_view_day185_20260423\" data-events-count=\"1\" data-month-id=\"202604\" data-day-id=\"20260423\" data-day-weekday=\"Dijous\" data-day-monthday=\"23\">23<\/div><div class=\"mec-daily-view-day mec-has-event\" id=\"mec_daily_view_day185_20260424\" data-events-count=\"2\" data-month-id=\"202604\" data-day-id=\"20260424\" data-day-weekday=\"Divendres\" data-day-monthday=\"24\">24<\/div><div class=\"mec-daily-view-day mec-has-event\" id=\"mec_daily_view_day185_20260425\" data-events-count=\"2\" data-month-id=\"202604\" data-day-id=\"20260425\" data-day-weekday=\"Dissabte\" data-day-monthday=\"25\">25<\/div><div class=\"mec-daily-view-day \" id=\"mec_daily_view_day185_20260426\" data-events-count=\"0\" data-month-id=\"202604\" data-day-id=\"20260426\" data-day-weekday=\"Diumenge\" data-day-monthday=\"26\">26<\/div><div class=\"mec-daily-view-day mec-has-event\" id=\"mec_daily_view_day185_20260427\" data-events-count=\"1\" data-month-id=\"202604\" data-day-id=\"20260427\" data-day-weekday=\"Dilluns\" data-day-monthday=\"27\">27<\/div><div class=\"mec-daily-view-day mec-has-event\" id=\"mec_daily_view_day185_20260428\" data-events-count=\"1\" data-month-id=\"202604\" data-day-id=\"20260428\" data-day-weekday=\"Dimarts\" data-day-monthday=\"28\">28<\/div><div class=\"mec-daily-view-day \" id=\"mec_daily_view_day185_20260429\" data-events-count=\"0\" data-month-id=\"202604\" data-day-id=\"20260429\" data-day-weekday=\"Dimecres\" data-day-monthday=\"29\">29<\/div><div class=\"mec-daily-view-day \" id=\"mec_daily_view_day185_20260430\" data-events-count=\"0\" data-month-id=\"202604\" data-day-id=\"20260430\" data-day-weekday=\"Dijous\" data-day-monthday=\"30\">30<\/div><\/div><\/div>\r\n<div class=\"mec-date-labels-container mec-calendar-day-events mec-clear\"><ul class=\"mec-daily-view-dates-events\">\r\n        <li class=\"mec-daily-view-date-events mec-util-hidden\" id=\"mec_daily_view_date_events185_20260401\">\r\n                    <article class=\"mec-event-article\"><div class=\"mec-daily-view-no-event mec-no-event\">Cap esdeveniment<\/div><\/article>\r\n            <\/li>\r\n        <li class=\"mec-daily-view-date-events mec-util-hidden\" id=\"mec_daily_view_date_events185_20260402\">\r\n                    <article class=\"mec-event-article\"><div class=\"mec-daily-view-no-event mec-no-event\">Cap esdeveniment<\/div><\/article>\r\n            <\/li>\r\n        <li class=\"mec-daily-view-date-events mec-util-hidden\" id=\"mec_daily_view_date_events185_20260403\">\r\n                                        <article class=\"mec-past-event mec-event-article  \">\r\n                <div class= \"mec-weekly-contents-wrapper\">\r\n                                        <div class=\"mec-event-image\"><img decoding=\"async\" width=\"425\" height=\"225\" data-src=\"https:\/\/roquetes.cat\/web\/wp-content\/uploads\/2026\/02\/mes-digitals-1-425x225.png\" class=\"attachment-thumbnail size-thumbnail wp-post-image lazyload\" alt=\"\" data-mec-postid=\"18410\" src=\"data:image\/svg+xml;base64,PHN2ZyB3aWR0aD0iMSIgaGVpZ2h0PSIxIiB4bWxucz0iaHR0cDovL3d3dy53My5vcmcvMjAwMC9zdmciPjwvc3ZnPg==\" style=\"--smush-placeholder-width: 425px; --smush-placeholder-aspect-ratio: 425\/225;\" \/><\/div>\r\n                    <div class=\"mec-weekly-contents\">\r\n                        \r\n                                                <div class=\"mec-event-time mec-color\"><i class=\"mec-sl-clock-o\"><\/i> 15:00 - 17:00<\/div>\r\n                        \r\n                        <h4 class=\"mec-event-title\"><a class=\"mec-color-hover\" data-event-id=\"18410\" href=\"https:\/\/roquetes.cat\/web\/agenda\/curs-per-aprendre-a-utilitzar-el-telefon-mobil-5\/\" target=\"_self\" rel=\"noopener\">Curs per aprendre a utilitzar el tel\u00e8fon m\u00f2bil<\/a><\/h4>\r\n                                                <div class=\"mec-event-detail\"><div class=\"mec-event-loc-place\"><\/div><\/div>\r\n                                                                                                                    <\/div>\r\n                <\/div>\r\n            <\/article>\r\n                    <\/li>\r\n        <li class=\"mec-daily-view-date-events mec-util-hidden\" id=\"mec_daily_view_date_events185_20260404\">\r\n                    <article class=\"mec-event-article\"><div class=\"mec-daily-view-no-event mec-no-event\">Cap esdeveniment<\/div><\/article>\r\n            <\/li>\r\n        <li class=\"mec-daily-view-date-events mec-util-hidden\" id=\"mec_daily_view_date_events185_20260405\">\r\n                    <article class=\"mec-event-article\"><div class=\"mec-daily-view-no-event mec-no-event\">Cap esdeveniment<\/div><\/article>\r\n            <\/li>\r\n        <li class=\"mec-daily-view-date-events mec-util-hidden\" id=\"mec_daily_view_date_events185_20260406\">\r\n                    <article class=\"mec-event-article\"><div class=\"mec-daily-view-no-event mec-no-event\">Cap esdeveniment<\/div><\/article>\r\n            <\/li>\r\n        <li class=\"mec-daily-view-date-events mec-util-hidden\" id=\"mec_daily_view_date_events185_20260407\">\r\n                    <article class=\"mec-event-article\"><div class=\"mec-daily-view-no-event mec-no-event\">Cap esdeveniment<\/div><\/article>\r\n            <\/li>\r\n        <li class=\"mec-daily-view-date-events mec-util-hidden\" id=\"mec_daily_view_date_events185_20260408\">\r\n                                        <article class=\"mec-past-event mec-event-article  \">\r\n                <div class= \"mec-weekly-contents-wrapper\">\r\n                                        <div class=\"mec-event-image\"><img decoding=\"async\" width=\"425\" height=\"225\" data-src=\"https:\/\/roquetes.cat\/web\/wp-content\/uploads\/2026\/04\/663125739_18541159114065674_6060897559540471976_n-425x225.jpg\" class=\"attachment-thumbnail size-thumbnail wp-post-image lazyload\" alt=\"\" data-mec-postid=\"18699\" src=\"data:image\/svg+xml;base64,PHN2ZyB3aWR0aD0iMSIgaGVpZ2h0PSIxIiB4bWxucz0iaHR0cDovL3d3dy53My5vcmcvMjAwMC9zdmciPjwvc3ZnPg==\" style=\"--smush-placeholder-width: 425px; --smush-placeholder-aspect-ratio: 425\/225;\" \/><\/div>\r\n                    <div class=\"mec-weekly-contents\">\r\n                        \r\n                                                <div class=\"mec-event-time mec-color\"><i class=\"mec-sl-clock-o\"><\/i> 18:30<\/div>\r\n                        \r\n                        <h4 class=\"mec-event-title\"><a class=\"mec-color-hover\" data-event-id=\"18699\" href=\"https:\/\/roquetes.cat\/web\/agenda\/educacio-inclusiva-oportunitats-limits-i-responsabilitats-compartides-amb-jonatan-navarro\/\" target=\"_self\" rel=\"noopener\">&#8220;Educaci\u00f3 inclusiva: oportunitats, l\u00edmits i responsabilitats compartides&#8221; amb Jonatan Navarro<\/a><\/h4>\r\n                                                <div class=\"mec-event-detail\"><div class=\"mec-event-loc-place\"><\/div><\/div>\r\n                                                                                                                    <\/div>\r\n                <\/div>\r\n            <\/article>\r\n                    <\/li>\r\n        <li class=\"mec-daily-view-date-events mec-util-hidden\" id=\"mec_daily_view_date_events185_20260409\">\r\n                                        <article class=\"mec-past-event mec-event-article  \">\r\n                <div class= \"mec-weekly-contents-wrapper\">\r\n                                        <div class=\"mec-event-image\"><img decoding=\"async\" width=\"425\" height=\"225\" data-src=\"https:\/\/roquetes.cat\/web\/wp-content\/uploads\/2026\/02\/a-425x225.png\" class=\"attachment-thumbnail size-thumbnail wp-post-image lazyload\" alt=\"\" data-mec-postid=\"18476\" src=\"data:image\/svg+xml;base64,PHN2ZyB3aWR0aD0iMSIgaGVpZ2h0PSIxIiB4bWxucz0iaHR0cDovL3d3dy53My5vcmcvMjAwMC9zdmciPjwvc3ZnPg==\" style=\"--smush-placeholder-width: 425px; --smush-placeholder-aspect-ratio: 425\/225;\" \/><\/div>\r\n                    <div class=\"mec-weekly-contents\">\r\n                        \r\n                                                <div class=\"mec-event-time mec-color\"><i class=\"mec-sl-clock-o\"><\/i> 18:30<\/div>\r\n                        \r\n                        <h4 class=\"mec-event-title\"><a class=\"mec-color-hover\" data-event-id=\"18476\" href=\"https:\/\/roquetes.cat\/web\/agenda\/presentacio-antologia-poemes-al-vent-a-carrec-del-grup-de-poemes-al-vent\/\" target=\"_self\" rel=\"noopener\">Presentaci\u00f3 &#8216;Antologia Poemes al Vent&#8217;, a c\u00e0rrec del grup de Poemes al Vent<\/a><\/h4>\r\n                                                <div class=\"mec-event-detail\"><div class=\"mec-event-loc-place\"><\/div><\/div>\r\n                                                                                                                    <\/div>\r\n                <\/div>\r\n            <\/article>\r\n                    <\/li>\r\n        <li class=\"mec-daily-view-date-events mec-util-hidden\" id=\"mec_daily_view_date_events185_20260410\">\r\n                                        <article class=\"mec-past-event mec-event-article  \">\r\n                <div class= \"mec-weekly-contents-wrapper\">\r\n                                        <div class=\"mec-event-image\"><img decoding=\"async\" width=\"425\" height=\"225\" data-src=\"https:\/\/roquetes.cat\/web\/wp-content\/uploads\/2026\/02\/mes-digitals-1-425x225.png\" class=\"attachment-thumbnail size-thumbnail wp-post-image lazyload\" alt=\"\" data-mec-postid=\"18411\" src=\"data:image\/svg+xml;base64,PHN2ZyB3aWR0aD0iMSIgaGVpZ2h0PSIxIiB4bWxucz0iaHR0cDovL3d3dy53My5vcmcvMjAwMC9zdmciPjwvc3ZnPg==\" style=\"--smush-placeholder-width: 425px; --smush-placeholder-aspect-ratio: 425\/225;\" \/><\/div>\r\n                    <div class=\"mec-weekly-contents\">\r\n                        \r\n                                                <div class=\"mec-event-time mec-color\"><i class=\"mec-sl-clock-o\"><\/i> 15:00 - 17:00<\/div>\r\n                        \r\n                        <h4 class=\"mec-event-title\"><a class=\"mec-color-hover\" data-event-id=\"18411\" href=\"https:\/\/roquetes.cat\/web\/agenda\/curs-per-aprendre-a-utilitzar-el-telefon-mobil-6\/\" target=\"_self\" rel=\"noopener\">Curs per aprendre a utilitzar el tel\u00e8fon m\u00f2bil<\/a><\/h4>\r\n                                                <div class=\"mec-event-detail\"><div class=\"mec-event-loc-place\"><\/div><\/div>\r\n                                                                                                                    <\/div>\r\n                <\/div>\r\n            <\/article>\r\n                    <\/li>\r\n        <li class=\"mec-daily-view-date-events mec-util-hidden\" id=\"mec_daily_view_date_events185_20260411\">\r\n                                        <article class=\"mec-past-event mec-event-article  \">\r\n                <div class= \"mec-weekly-contents-wrapper\">\r\n                                        <div class=\"mec-event-image\"><img decoding=\"async\" width=\"425\" height=\"225\" data-src=\"https:\/\/roquetes.cat\/web\/wp-content\/uploads\/2026\/03\/Trobada-de-Grallers.-A4-425x225.jpg\" class=\"attachment-thumbnail size-thumbnail wp-post-image lazyload\" alt=\"\" data-mec-postid=\"18598\" src=\"data:image\/svg+xml;base64,PHN2ZyB3aWR0aD0iMSIgaGVpZ2h0PSIxIiB4bWxucz0iaHR0cDovL3d3dy53My5vcmcvMjAwMC9zdmciPjwvc3ZnPg==\" style=\"--smush-placeholder-width: 425px; --smush-placeholder-aspect-ratio: 425\/225;\" \/><\/div>\r\n                    <div class=\"mec-weekly-contents\">\r\n                        \r\n                                                <div class=\"mec-event-time mec-color\"><i class=\"mec-sl-clock-o\"><\/i> 11:00<\/div>\r\n                        \r\n                        <h4 class=\"mec-event-title\"><a class=\"mec-color-hover\" data-event-id=\"18598\" href=\"https:\/\/roquetes.cat\/web\/agenda\/1a-trobada-de-grallers-de-roquetes\/\" target=\"_self\" rel=\"noopener\">1a Trobada de Grallers de Roquetes<\/a><\/h4>\r\n                                                <div class=\"mec-event-detail\"><div class=\"mec-event-loc-place\"><\/div><\/div>\r\n                                                                                                                    <\/div>\r\n                <\/div>\r\n            <\/article>\r\n                                <article class=\"mec-past-event mec-event-article  \">\r\n                <div class= \"mec-weekly-contents-wrapper\">\r\n                                        <div class=\"mec-event-image\"><img decoding=\"async\" width=\"425\" height=\"225\" data-src=\"https:\/\/roquetes.cat\/web\/wp-content\/uploads\/2026\/03\/CALCOTADA.-A4-2-425x225.jpg\" class=\"attachment-thumbnail size-thumbnail wp-post-image lazyload\" alt=\"\" data-mec-postid=\"18532\" src=\"data:image\/svg+xml;base64,PHN2ZyB3aWR0aD0iMSIgaGVpZ2h0PSIxIiB4bWxucz0iaHR0cDovL3d3dy53My5vcmcvMjAwMC9zdmciPjwvc3ZnPg==\" style=\"--smush-placeholder-width: 425px; --smush-placeholder-aspect-ratio: 425\/225;\" \/><\/div>\r\n                    <div class=\"mec-weekly-contents\">\r\n                        \r\n                                                <div class=\"mec-event-time mec-color\"><i class=\"mec-sl-clock-o\"><\/i> 11:30<\/div>\r\n                        \r\n                        <h4 class=\"mec-event-title\"><a class=\"mec-color-hover\" data-event-id=\"18532\" href=\"https:\/\/roquetes.cat\/web\/agenda\/calcotada-popular-2026-a-roquetes\/\" target=\"_self\" rel=\"noopener\">Cal\u00e7otada popular 2026 a Roquetes!<\/a><\/h4>\r\n                                                <div class=\"mec-event-detail\"><div class=\"mec-event-loc-place\"><\/div><\/div>\r\n                                                                                                                    <\/div>\r\n                <\/div>\r\n            <\/article>\r\n                    <\/li>\r\n        <li class=\"mec-daily-view-date-events mec-util-hidden\" id=\"mec_daily_view_date_events185_20260412\">\r\n                                        <article class=\"mec-past-event mec-event-article  \">\r\n                <div class= \"mec-weekly-contents-wrapper\">\r\n                                        <div class=\"mec-event-image\"><img decoding=\"async\" width=\"425\" height=\"225\" data-src=\"https:\/\/roquetes.cat\/web\/wp-content\/uploads\/2026\/03\/Puntaides.-Post-13-425x225.jpg\" class=\"attachment-thumbnail size-thumbnail wp-post-image lazyload\" alt=\"\" data-mec-postid=\"18557\" src=\"data:image\/svg+xml;base64,PHN2ZyB3aWR0aD0iMSIgaGVpZ2h0PSIxIiB4bWxucz0iaHR0cDovL3d3dy53My5vcmcvMjAwMC9zdmciPjwvc3ZnPg==\" style=\"--smush-placeholder-width: 425px; --smush-placeholder-aspect-ratio: 425\/225;\" \/><\/div>\r\n                    <div class=\"mec-weekly-contents\">\r\n                        \r\n                                                <div class=\"mec-event-time mec-color\"><i class=\"mec-sl-clock-o\"><\/i> 10:00 - 13:00<\/div>\r\n                        \r\n                        <h4 class=\"mec-event-title\"><a class=\"mec-color-hover\" data-event-id=\"18557\" href=\"https:\/\/roquetes.cat\/web\/agenda\/19a-trobada-de-puntaires-de-roquetes\/\" target=\"_self\" rel=\"noopener\">19a Trobada de Puntaires de Roquetes<\/a><\/h4>\r\n                                                <div class=\"mec-event-detail\"><div class=\"mec-event-loc-place\"><\/div><\/div>\r\n                                                                                                                    <\/div>\r\n                <\/div>\r\n            <\/article>\r\n                    <\/li>\r\n        <li class=\"mec-daily-view-date-events mec-util-hidden\" id=\"mec_daily_view_date_events185_20260413\">\r\n                                        <article class=\"mec-past-event mec-event-article  \">\r\n                <div class= \"mec-weekly-contents-wrapper\">\r\n                                        <div class=\"mec-event-image\"><img decoding=\"async\" width=\"425\" height=\"225\" data-src=\"https:\/\/roquetes.cat\/web\/wp-content\/uploads\/2026\/03\/WhatsApp-Image-2026-03-19-at-11.23.21-425x225.jpeg\" class=\"attachment-thumbnail size-thumbnail wp-post-image lazyload\" alt=\"\" data-mec-postid=\"18590\" src=\"data:image\/svg+xml;base64,PHN2ZyB3aWR0aD0iMSIgaGVpZ2h0PSIxIiB4bWxucz0iaHR0cDovL3d3dy53My5vcmcvMjAwMC9zdmciPjwvc3ZnPg==\" style=\"--smush-placeholder-width: 425px; --smush-placeholder-aspect-ratio: 425\/225;\" \/><\/div>\r\n                    <div class=\"mec-weekly-contents\">\r\n                        \r\n                                                <div class=\"mec-event-time mec-color\"><i class=\"mec-sl-clock-o\"><\/i> 19:00<\/div>\r\n                        \r\n                        <h4 class=\"mec-event-title\"><a class=\"mec-color-hover\" data-event-id=\"18590\" href=\"https:\/\/roquetes.cat\/web\/agenda\/arturo-gaya-iglesias-estic-fent-histora-relats-intims-de-memoria-al-crepuscle-del-segle-xx\/\" target=\"_self\" rel=\"noopener\">Arturo Gaya Iglesias &#8216;Estic fent hist\u00f2ra&#8217;, Relats \u00edntims de mem\u00f2ria al crepuscle del segle XX<\/a><\/h4>\r\n                                                <div class=\"mec-event-detail\"><div class=\"mec-event-loc-place\"><\/div><\/div>\r\n                                                                                                                    <\/div>\r\n                <\/div>\r\n            <\/article>\r\n                    <\/li>\r\n        <li class=\"mec-daily-view-date-events mec-util-hidden\" id=\"mec_daily_view_date_events185_20260414\">\r\n                                        <article class=\"mec-past-event mec-event-article  \">\r\n                <div class= \"mec-weekly-contents-wrapper\">\r\n                                        <div class=\"mec-event-image\"><img decoding=\"async\" width=\"425\" height=\"225\" data-src=\"https:\/\/roquetes.cat\/web\/wp-content\/uploads\/2026\/04\/Acte-de-reconeixement-Roquetenc.-2-425x225.jpg\" class=\"attachment-thumbnail size-thumbnail wp-post-image lazyload\" alt=\"\" data-mec-postid=\"18694\" src=\"data:image\/svg+xml;base64,PHN2ZyB3aWR0aD0iMSIgaGVpZ2h0PSIxIiB4bWxucz0iaHR0cDovL3d3dy53My5vcmcvMjAwMC9zdmciPjwvc3ZnPg==\" style=\"--smush-placeholder-width: 425px; --smush-placeholder-aspect-ratio: 425\/225;\" \/><\/div>\r\n                    <div class=\"mec-weekly-contents\">\r\n                        \r\n                                                <div class=\"mec-event-time mec-color\"><i class=\"mec-sl-clock-o\"><\/i> 18:00<\/div>\r\n                        \r\n                        <h4 class=\"mec-event-title\"><a class=\"mec-color-hover\" data-event-id=\"18694\" href=\"https:\/\/roquetes.cat\/web\/agenda\/la-festa-del-14-dabril-del-176e-aniversari-de-roquetes\/\" target=\"_self\" rel=\"noopener\">La Festa del 14 d&#8217;Abril del 176\u00e8 aniversari de Roquetes<\/a><\/h4>\r\n                                                <div class=\"mec-event-detail\"><div class=\"mec-event-loc-place\"><\/div><\/div>\r\n                                                                                                                    <\/div>\r\n                <\/div>\r\n            <\/article>\r\n                    <\/li>\r\n        <li class=\"mec-daily-view-date-events mec-util-hidden\" id=\"mec_daily_view_date_events185_20260415\">\r\n                                        <article class=\"mec-past-event mec-event-article  \">\r\n                <div class= \"mec-weekly-contents-wrapper\">\r\n                                        <div class=\"mec-event-image\"><img decoding=\"async\" width=\"425\" height=\"225\" data-src=\"https:\/\/roquetes.cat\/web\/wp-content\/uploads\/2026\/03\/A4_CA_ABRIL-425x225.jpg\" class=\"attachment-thumbnail size-thumbnail wp-post-image lazyload\" alt=\"\" data-mec-postid=\"18642\" src=\"data:image\/svg+xml;base64,PHN2ZyB3aWR0aD0iMSIgaGVpZ2h0PSIxIiB4bWxucz0iaHR0cDovL3d3dy53My5vcmcvMjAwMC9zdmciPjwvc3ZnPg==\" style=\"--smush-placeholder-width: 425px; --smush-placeholder-aspect-ratio: 425\/225;\" \/><\/div>\r\n                    <div class=\"mec-weekly-contents\">\r\n                        \r\n                                                <div class=\"mec-event-time mec-color\"><i class=\"mec-sl-clock-o\"><\/i> 12:00<\/div>\r\n                        \r\n                        <h4 class=\"mec-event-title\"><a class=\"mec-color-hover\" data-event-id=\"18642\" href=\"https:\/\/roquetes.cat\/web\/agenda\/cafe-amb-lalcalde-dabril\/\" target=\"_self\" rel=\"noopener\">Caf\u00e8 amb l&#8217;alcalde d&#8217;abril<\/a><\/h4>\r\n                                                <div class=\"mec-event-detail\"><div class=\"mec-event-loc-place\"><\/div><\/div>\r\n                                                                                                                    <\/div>\r\n                <\/div>\r\n            <\/article>\r\n                                <article class=\"mec-past-event mec-event-article  \">\r\n                <div class= \"mec-weekly-contents-wrapper\">\r\n                                        <div class=\"mec-event-image\"><img decoding=\"async\" width=\"425\" height=\"225\" data-src=\"https:\/\/roquetes.cat\/web\/wp-content\/uploads\/2026\/03\/656d5575-5452-43d2-9e79-aa5e77c8575e-425x225.jpg\" class=\"attachment-thumbnail size-thumbnail wp-post-image lazyload\" alt=\"\" data-mec-postid=\"18542\" src=\"data:image\/svg+xml;base64,PHN2ZyB3aWR0aD0iMSIgaGVpZ2h0PSIxIiB4bWxucz0iaHR0cDovL3d3dy53My5vcmcvMjAwMC9zdmciPjwvc3ZnPg==\" style=\"--smush-placeholder-width: 425px; --smush-placeholder-aspect-ratio: 425\/225;\" \/><\/div>\r\n                    <div class=\"mec-weekly-contents\">\r\n                        \r\n                                                <div class=\"mec-event-time mec-color\"><i class=\"mec-sl-clock-o\"><\/i> 17:15<\/div>\r\n                        \r\n                        <h4 class=\"mec-event-title\"><a class=\"mec-color-hover\" data-event-id=\"18542\" href=\"https:\/\/roquetes.cat\/web\/agenda\/jornada-portes-obertes-llar-dinfants-la-caramella-2\/\" target=\"_self\" rel=\"noopener\">Jornada portes obertes llar d\u2019infants La Caramella<\/a><\/h4>\r\n                                                <div class=\"mec-event-detail\"><div class=\"mec-event-loc-place\"><\/div><\/div>\r\n                                                                                                                    <\/div>\r\n                <\/div>\r\n            <\/article>\r\n                    <\/li>\r\n        <li class=\"mec-daily-view-date-events mec-util-hidden\" id=\"mec_daily_view_date_events185_20260416\">\r\n                                        <article class=\"mec-past-event mec-event-article  \">\r\n                <div class= \"mec-weekly-contents-wrapper\">\r\n                                        <div class=\"mec-event-image\"><img decoding=\"async\" width=\"425\" height=\"225\" data-src=\"https:\/\/roquetes.cat\/web\/wp-content\/uploads\/2026\/02\/TATREVEIXES-A-PENSAR-EN-COMUNITAT-425x225.png\" class=\"attachment-thumbnail size-thumbnail wp-post-image lazyload\" alt=\"\" data-mec-postid=\"18387\" src=\"data:image\/svg+xml;base64,PHN2ZyB3aWR0aD0iMSIgaGVpZ2h0PSIxIiB4bWxucz0iaHR0cDovL3d3dy53My5vcmcvMjAwMC9zdmciPjwvc3ZnPg==\" style=\"--smush-placeholder-width: 425px; --smush-placeholder-aspect-ratio: 425\/225;\" \/><\/div>\r\n                    <div class=\"mec-weekly-contents\">\r\n                        \r\n                                                <div class=\"mec-event-time mec-color\"><i class=\"mec-sl-clock-o\"><\/i> 18:00<\/div>\r\n                        \r\n                        <h4 class=\"mec-event-title\"><a class=\"mec-color-hover\" data-event-id=\"18387\" href=\"https:\/\/roquetes.cat\/web\/agenda\/sessio-tatreveixes-a-pensar-en-comunitat-de-joana-subirats-2\/\" target=\"_self\" rel=\"noopener\">Sessi\u00f3 &#8216;T&#8217;atreveixes a pensar en comunitat?&#8217;, de Joana Subirats<\/a><\/h4>\r\n                                                <div class=\"mec-event-detail\"><div class=\"mec-event-loc-place\"><\/div><\/div>\r\n                                                                                                                    <\/div>\r\n                <\/div>\r\n            <\/article>\r\n                    <\/li>\r\n        <li class=\"mec-daily-view-date-events mec-util-hidden\" id=\"mec_daily_view_date_events185_20260417\">\r\n                                        <article class=\"mec-past-event mec-event-article  \">\r\n                <div class= \"mec-weekly-contents-wrapper\">\r\n                                        <div class=\"mec-event-image\"><img decoding=\"async\" width=\"425\" height=\"225\" data-src=\"https:\/\/roquetes.cat\/web\/wp-content\/uploads\/2026\/02\/mes-digitals-1-425x225.png\" class=\"attachment-thumbnail size-thumbnail wp-post-image lazyload\" alt=\"\" data-mec-postid=\"18412\" src=\"data:image\/svg+xml;base64,PHN2ZyB3aWR0aD0iMSIgaGVpZ2h0PSIxIiB4bWxucz0iaHR0cDovL3d3dy53My5vcmcvMjAwMC9zdmciPjwvc3ZnPg==\" style=\"--smush-placeholder-width: 425px; --smush-placeholder-aspect-ratio: 425\/225;\" \/><\/div>\r\n                    <div class=\"mec-weekly-contents\">\r\n                        \r\n                                                <div class=\"mec-event-time mec-color\"><i class=\"mec-sl-clock-o\"><\/i> 15:00 - 17:00<\/div>\r\n                        \r\n                        <h4 class=\"mec-event-title\"><a class=\"mec-color-hover\" data-event-id=\"18412\" href=\"https:\/\/roquetes.cat\/web\/agenda\/curs-per-aprendre-a-utilitzar-el-telefon-mobil-7\/\" target=\"_self\" rel=\"noopener\">Curs per aprendre a utilitzar el tel\u00e8fon m\u00f2bil<\/a><\/h4>\r\n                                                <div class=\"mec-event-detail\"><div class=\"mec-event-loc-place\"><\/div><\/div>\r\n                                                                                                                    <\/div>\r\n                <\/div>\r\n            <\/article>\r\n                                <article class=\"mec-past-event mec-event-article  \">\r\n                <div class= \"mec-weekly-contents-wrapper\">\r\n                                        <div class=\"mec-event-image\"><img decoding=\"async\" width=\"425\" height=\"225\" data-src=\"https:\/\/roquetes.cat\/web\/wp-content\/uploads\/2026\/04\/De-roquetes-baixo.-Post-425x225.png\" class=\"attachment-thumbnail size-thumbnail wp-post-image lazyload\" alt=\"\" data-mec-postid=\"18782\" src=\"data:image\/svg+xml;base64,PHN2ZyB3aWR0aD0iMSIgaGVpZ2h0PSIxIiB4bWxucz0iaHR0cDovL3d3dy53My5vcmcvMjAwMC9zdmciPjwvc3ZnPg==\" style=\"--smush-placeholder-width: 425px; --smush-placeholder-aspect-ratio: 425\/225;\" \/><\/div>\r\n                    <div class=\"mec-weekly-contents\">\r\n                        \r\n                                                <div class=\"mec-event-time mec-color\"><i class=\"mec-sl-clock-o\"><\/i> 19:00<\/div>\r\n                        \r\n                        <h4 class=\"mec-event-title\"><a class=\"mec-color-hover\" data-event-id=\"18782\" href=\"https:\/\/roquetes.cat\/web\/agenda\/presentacio-del-llibre-de-roquetes-baixo-de-ramon-tafalla\/\" target=\"_self\" rel=\"noopener\">Presentaci\u00f3 del llibre &#8216;De Roquetes Baixo&#8217;, de Ramon Tafalla<\/a><\/h4>\r\n                                                <div class=\"mec-event-detail\"><div class=\"mec-event-loc-place\"><\/div><\/div>\r\n                                                                                                                    <\/div>\r\n                <\/div>\r\n            <\/article>\r\n                    <\/li>\r\n        <li class=\"mec-daily-view-date-events mec-util-hidden\" id=\"mec_daily_view_date_events185_20260418\">\r\n                                        <article class=\"mec-past-event mec-event-article  \">\r\n                <div class= \"mec-weekly-contents-wrapper\">\r\n                                        <div class=\"mec-event-image\"><img decoding=\"async\" width=\"425\" height=\"225\" data-src=\"https:\/\/roquetes.cat\/web\/wp-content\/uploads\/2026\/04\/660106539_1390202366481168_7756874733397955951_n-425x225.jpg\" class=\"attachment-thumbnail size-thumbnail wp-post-image lazyload\" alt=\"\" data-mec-postid=\"18673\" src=\"data:image\/svg+xml;base64,PHN2ZyB3aWR0aD0iMSIgaGVpZ2h0PSIxIiB4bWxucz0iaHR0cDovL3d3dy53My5vcmcvMjAwMC9zdmciPjwvc3ZnPg==\" style=\"--smush-placeholder-width: 425px; --smush-placeholder-aspect-ratio: 425\/225;\" \/><\/div>\r\n                    <div class=\"mec-weekly-contents\">\r\n                        \r\n                                                <div class=\"mec-event-time mec-color\"><i class=\"mec-sl-clock-o\"><\/i> Activitat de tot el dia<\/div>\r\n                        \r\n                        <h4 class=\"mec-event-title\"><a class=\"mec-color-hover\" data-event-id=\"18673\" href=\"https:\/\/roquetes.cat\/web\/agenda\/inauguracio-de-la-nova-via-verda-de-roquetes-a-la-rapita\/\" target=\"_self\" rel=\"noopener\">Inauguraci\u00f3 de la nova Via Verda de Roquetes a La R\u00e0pita<\/a><\/h4>\r\n                                                <div class=\"mec-event-detail\"><div class=\"mec-event-loc-place\"><\/div><\/div>\r\n                                                                                                                    <\/div>\r\n                <\/div>\r\n            <\/article>\r\n                    <\/li>\r\n        <li class=\"mec-daily-view-date-events mec-util-hidden\" id=\"mec_daily_view_date_events185_20260419\">\r\n                                        <article class=\"mec-past-event mec-event-article  \">\r\n                <div class= \"mec-weekly-contents-wrapper\">\r\n                                        <div class=\"mec-event-image\"><img decoding=\"async\" width=\"425\" height=\"225\" data-src=\"https:\/\/roquetes.cat\/web\/wp-content\/uploads\/2026\/04\/dia-de-labre.-A4-4-425x225.jpg\" class=\"attachment-thumbnail size-thumbnail wp-post-image lazyload\" alt=\"\" data-mec-postid=\"18727\" src=\"data:image\/svg+xml;base64,PHN2ZyB3aWR0aD0iMSIgaGVpZ2h0PSIxIiB4bWxucz0iaHR0cDovL3d3dy53My5vcmcvMjAwMC9zdmciPjwvc3ZnPg==\" style=\"--smush-placeholder-width: 425px; --smush-placeholder-aspect-ratio: 425\/225;\" \/><\/div>\r\n                    <div class=\"mec-weekly-contents\">\r\n                        \r\n                                                <div class=\"mec-event-time mec-color\"><i class=\"mec-sl-clock-o\"><\/i> 10:30<\/div>\r\n                        \r\n                        <h4 class=\"mec-event-title\"><a class=\"mec-color-hover\" data-event-id=\"18727\" href=\"https:\/\/roquetes.cat\/web\/agenda\/plantada-solidaria-de-roquetes-amb-xerta\/\" target=\"_self\" rel=\"noopener\">Plantada solid\u00e0ria de Roquetes amb Xerta<\/a><\/h4>\r\n                                                <div class=\"mec-event-detail\"><div class=\"mec-event-loc-place\"><\/div><\/div>\r\n                                                                                                                    <\/div>\r\n                <\/div>\r\n            <\/article>\r\n                    <\/li>\r\n        <li class=\"mec-daily-view-date-events mec-util-hidden\" id=\"mec_daily_view_date_events185_20260420\">\r\n                    <article class=\"mec-event-article\"><div class=\"mec-daily-view-no-event mec-no-event\">Cap esdeveniment<\/div><\/article>\r\n            <\/li>\r\n        <li class=\"mec-daily-view-date-events mec-util-hidden\" id=\"mec_daily_view_date_events185_20260421\">\r\n                    <article class=\"mec-event-article\"><div class=\"mec-daily-view-no-event mec-no-event\">Cap esdeveniment<\/div><\/article>\r\n            <\/li>\r\n        <li class=\"mec-daily-view-date-events mec-util-hidden\" id=\"mec_daily_view_date_events185_20260422\">\r\n                                        <article class=\"mec-past-event mec-event-article  \">\r\n                <div class= \"mec-weekly-contents-wrapper\">\r\n                                        <div class=\"mec-event-image\"><img decoding=\"async\" width=\"425\" height=\"225\" data-src=\"https:\/\/roquetes.cat\/web\/wp-content\/uploads\/2026\/04\/670951427_18578806465038447_5127860205716833369_n-425x225.jpg\" class=\"attachment-thumbnail size-thumbnail wp-post-image lazyload\" alt=\"\" data-mec-postid=\"18786\" src=\"data:image\/svg+xml;base64,PHN2ZyB3aWR0aD0iMSIgaGVpZ2h0PSIxIiB4bWxucz0iaHR0cDovL3d3dy53My5vcmcvMjAwMC9zdmciPjwvc3ZnPg==\" style=\"--smush-placeholder-width: 425px; --smush-placeholder-aspect-ratio: 425\/225;\" \/><\/div>\r\n                    <div class=\"mec-weekly-contents\">\r\n                        \r\n                                                <div class=\"mec-event-time mec-color\"><i class=\"mec-sl-clock-o\"><\/i> 19:00<\/div>\r\n                        \r\n                        <h4 class=\"mec-event-title\"><a class=\"mec-color-hover\" data-event-id=\"18786\" href=\"https:\/\/roquetes.cat\/web\/agenda\/presentacio-del-llibre-si-miro-a-dins-veig-muntanyes-a-carrec-de-les-autores-montse-pallares-curto-i-cinta-ramos-pallares\/\" target=\"_self\" rel=\"noopener\">Presentaci\u00f3 del llibre &#8216;SI MIRO A DINS VEIG MUNTANYES&#8217; a c\u00e0rrec de les autores Montse Pallar\u00e9s Curto i Cinta Ramos Pallar\u00e9s<\/a><\/h4>\r\n                                                <div class=\"mec-event-detail\"><div class=\"mec-event-loc-place\"><\/div><\/div>\r\n                                                                                                                    <\/div>\r\n                <\/div>\r\n            <\/article>\r\n                    <\/li>\r\n        <li class=\"mec-daily-view-date-events mec-util-hidden\" id=\"mec_daily_view_date_events185_20260423\">\r\n                                        <article class=\"mec-past-event mec-event-article  \">\r\n                <div class= \"mec-weekly-contents-wrapper\">\r\n                                        <div class=\"mec-event-image\"><img decoding=\"async\" width=\"425\" height=\"225\" data-src=\"https:\/\/roquetes.cat\/web\/wp-content\/uploads\/2026\/04\/A3-SANT-JORDI-2026_-425x225.jpg\" class=\"attachment-thumbnail size-thumbnail wp-post-image lazyload\" alt=\"\" data-mec-postid=\"18792\" src=\"data:image\/svg+xml;base64,PHN2ZyB3aWR0aD0iMSIgaGVpZ2h0PSIxIiB4bWxucz0iaHR0cDovL3d3dy53My5vcmcvMjAwMC9zdmciPjwvc3ZnPg==\" style=\"--smush-placeholder-width: 425px; --smush-placeholder-aspect-ratio: 425\/225;\" \/><\/div>\r\n                    <div class=\"mec-weekly-contents\">\r\n                        \r\n                                                <div class=\"mec-event-time mec-color\"><i class=\"mec-sl-clock-o\"><\/i> Activitat de tot el dia<\/div>\r\n                        \r\n                        <h4 class=\"mec-event-title\"><a class=\"mec-color-hover\" data-event-id=\"18792\" href=\"https:\/\/roquetes.cat\/web\/agenda\/diada-de-sant-jordi-2026-a-roquetes\/\" target=\"_self\" rel=\"noopener\">Diada de Sant Jordi 2026 a Roquetes<\/a><\/h4>\r\n                                                <div class=\"mec-event-detail\"><div class=\"mec-event-loc-place\"><\/div><\/div>\r\n                                                                                                                    <\/div>\r\n                <\/div>\r\n            <\/article>\r\n                    <\/li>\r\n        <li class=\"mec-daily-view-date-events mec-util-hidden\" id=\"mec_daily_view_date_events185_20260424\">\r\n                                        <article class=\"mec-past-event mec-event-article  \">\r\n                <div class= \"mec-weekly-contents-wrapper\">\r\n                                        <div class=\"mec-event-image\"><img decoding=\"async\" width=\"425\" height=\"225\" data-src=\"https:\/\/roquetes.cat\/web\/wp-content\/uploads\/2026\/02\/mes-digitals-1-425x225.png\" class=\"attachment-thumbnail size-thumbnail wp-post-image lazyload\" alt=\"\" data-mec-postid=\"18413\" src=\"data:image\/svg+xml;base64,PHN2ZyB3aWR0aD0iMSIgaGVpZ2h0PSIxIiB4bWxucz0iaHR0cDovL3d3dy53My5vcmcvMjAwMC9zdmciPjwvc3ZnPg==\" style=\"--smush-placeholder-width: 425px; --smush-placeholder-aspect-ratio: 425\/225;\" \/><\/div>\r\n                    <div class=\"mec-weekly-contents\">\r\n                        \r\n                                                <div class=\"mec-event-time mec-color\"><i class=\"mec-sl-clock-o\"><\/i> 15:00 - 17:00<\/div>\r\n                        \r\n                        <h4 class=\"mec-event-title\"><a class=\"mec-color-hover\" data-event-id=\"18413\" href=\"https:\/\/roquetes.cat\/web\/agenda\/curs-per-aprendre-a-utilitzar-el-telefon-mobil-8\/\" target=\"_self\" rel=\"noopener\">Curs per aprendre a utilitzar el tel\u00e8fon m\u00f2bil<\/a><\/h4>\r\n                                                <div class=\"mec-event-detail\"><div class=\"mec-event-loc-place\"><\/div><\/div>\r\n                                                                                                                    <\/div>\r\n                <\/div>\r\n            <\/article>\r\n                                <article class=\"mec-past-event mec-event-article  \">\r\n                <div class= \"mec-weekly-contents-wrapper\">\r\n                                        <div class=\"mec-event-image\"><img decoding=\"async\" width=\"425\" height=\"225\" data-src=\"https:\/\/roquetes.cat\/web\/wp-content\/uploads\/2025\/09\/542761646_1956091848509376_720922512855248004_n-425x225.jpg\" class=\"attachment-thumbnail size-thumbnail wp-post-image lazyload\" alt=\"\" data-mec-postid=\"16749\" src=\"data:image\/svg+xml;base64,PHN2ZyB3aWR0aD0iMSIgaGVpZ2h0PSIxIiB4bWxucz0iaHR0cDovL3d3dy53My5vcmcvMjAwMC9zdmciPjwvc3ZnPg==\" style=\"--smush-placeholder-width: 425px; --smush-placeholder-aspect-ratio: 425\/225;\" \/><\/div>\r\n                    <div class=\"mec-weekly-contents\">\r\n                        \r\n                                                <div class=\"mec-event-time mec-color\"><i class=\"mec-sl-clock-o\"><\/i> 17:30<\/div>\r\n                        \r\n                        <h4 class=\"mec-event-title\"><a class=\"mec-color-hover\" data-event-id=\"16749\" href=\"https:\/\/roquetes.cat\/web\/agenda\/bebelletres-8\/\" target=\"_self\" rel=\"noopener\">Bebelletres<\/a><\/h4>\r\n                                                <div class=\"mec-event-detail\"><div class=\"mec-event-loc-place\"><\/div><\/div>\r\n                                                                                                                    <\/div>\r\n                <\/div>\r\n            <\/article>\r\n                    <\/li>\r\n        <li class=\"mec-daily-view-date-events mec-util-hidden\" id=\"mec_daily_view_date_events185_20260425\">\r\n                                        <article class=\"mec-past-event mec-event-article  \">\r\n                <div class= \"mec-weekly-contents-wrapper\">\r\n                                        <div class=\"mec-event-image\"><img decoding=\"async\" width=\"425\" height=\"225\" data-src=\"https:\/\/roquetes.cat\/web\/wp-content\/uploads\/2026\/04\/670437027_18579199294038447_2896950236114093226_n-425x225.jpg\" class=\"attachment-thumbnail size-thumbnail wp-post-image lazyload\" alt=\"\" data-mec-postid=\"18788\" src=\"data:image\/svg+xml;base64,PHN2ZyB3aWR0aD0iMSIgaGVpZ2h0PSIxIiB4bWxucz0iaHR0cDovL3d3dy53My5vcmcvMjAwMC9zdmciPjwvc3ZnPg==\" style=\"--smush-placeholder-width: 425px; --smush-placeholder-aspect-ratio: 425\/225;\" \/><\/div>\r\n                    <div class=\"mec-weekly-contents\">\r\n                        \r\n                                                <div class=\"mec-event-time mec-color\"><i class=\"mec-sl-clock-o\"><\/i> 10:00<\/div>\r\n                        \r\n                        <h4 class=\"mec-event-title\"><a class=\"mec-color-hover\" data-event-id=\"18788\" href=\"https:\/\/roquetes.cat\/web\/agenda\/taller-respira-la-primavera\/\" target=\"_self\" rel=\"noopener\">Taller &#8216;Respira la Primavera&#8217;<\/a><\/h4>\r\n                                                <div class=\"mec-event-detail\"><div class=\"mec-event-loc-place\"><\/div><\/div>\r\n                                                                                                                    <\/div>\r\n                <\/div>\r\n            <\/article>\r\n                                <article class=\"mec-past-event mec-event-article  \">\r\n                <div class= \"mec-weekly-contents-wrapper\">\r\n                                        <div class=\"mec-event-image\"><img decoding=\"async\" width=\"425\" height=\"225\" data-src=\"https:\/\/roquetes.cat\/web\/wp-content\/uploads\/2026\/04\/Petjades.-A4-1-425x225.jpg\" class=\"attachment-thumbnail size-thumbnail wp-post-image lazyload\" alt=\"\" data-mec-postid=\"18790\" src=\"data:image\/svg+xml;base64,PHN2ZyB3aWR0aD0iMSIgaGVpZ2h0PSIxIiB4bWxucz0iaHR0cDovL3d3dy53My5vcmcvMjAwMC9zdmciPjwvc3ZnPg==\" style=\"--smush-placeholder-width: 425px; --smush-placeholder-aspect-ratio: 425\/225;\" \/><\/div>\r\n                    <div class=\"mec-weekly-contents\">\r\n                        \r\n                                                <div class=\"mec-event-time mec-color\"><i class=\"mec-sl-clock-o\"><\/i> 10:00<\/div>\r\n                        \r\n                        <h4 class=\"mec-event-title\"><a class=\"mec-color-hover\" data-event-id=\"18790\" href=\"https:\/\/roquetes.cat\/web\/agenda\/passejada-amb-gossos-petjades-per-la-terra\/\" target=\"_self\" rel=\"noopener\">Passejada amb gossos &#8216;Petjades per la Terra&#8217;<\/a><\/h4>\r\n                                                <div class=\"mec-event-detail\"><div class=\"mec-event-loc-place\"><\/div><\/div>\r\n                                                                                                                    <\/div>\r\n                <\/div>\r\n            <\/article>\r\n                    <\/li>\r\n        <li class=\"mec-daily-view-date-events mec-util-hidden\" id=\"mec_daily_view_date_events185_20260426\">\r\n                    <article class=\"mec-event-article\"><div class=\"mec-daily-view-no-event mec-no-event\">Cap esdeveniment<\/div><\/article>\r\n            <\/li>\r\n        <li class=\"mec-daily-view-date-events mec-util-hidden\" id=\"mec_daily_view_date_events185_20260427\">\r\n                                        <article class=\"mec-past-event mec-event-article  \">\r\n                <div class= \"mec-weekly-contents-wrapper\">\r\n                                        <div class=\"mec-event-image\"><img decoding=\"async\" width=\"425\" height=\"225\" data-src=\"https:\/\/roquetes.cat\/web\/wp-content\/uploads\/2026\/04\/Trobada-CL-Los-Santos-Inocentes-425x225.png\" class=\"attachment-thumbnail size-thumbnail wp-post-image lazyload\" alt=\"\" data-mec-postid=\"18701\" src=\"data:image\/svg+xml;base64,PHN2ZyB3aWR0aD0iMSIgaGVpZ2h0PSIxIiB4bWxucz0iaHR0cDovL3d3dy53My5vcmcvMjAwMC9zdmciPjwvc3ZnPg==\" style=\"--smush-placeholder-width: 425px; --smush-placeholder-aspect-ratio: 425\/225;\" \/><\/div>\r\n                    <div class=\"mec-weekly-contents\">\r\n                        \r\n                                                <div class=\"mec-event-time mec-color\"><i class=\"mec-sl-clock-o\"><\/i> 19:00<\/div>\r\n                        \r\n                        <h4 class=\"mec-event-title\"><a class=\"mec-color-hover\" data-event-id=\"18701\" href=\"https:\/\/roquetes.cat\/web\/agenda\/trobada-club-de-lectura\/\" target=\"_self\" rel=\"noopener\">Trobada Club de Lectura<\/a><\/h4>\r\n                                                <div class=\"mec-event-detail\"><div class=\"mec-event-loc-place\"><\/div><\/div>\r\n                                                                                                                    <\/div>\r\n                <\/div>\r\n            <\/article>\r\n                    <\/li>\r\n        <li class=\"mec-daily-view-date-events mec-util-hidden\" id=\"mec_daily_view_date_events185_20260428\">\r\n                                        <article class=\"mec-past-event mec-event-article  \">\r\n                <div class= \"mec-weekly-contents-wrapper\">\r\n                                        <div class=\"mec-event-image\"><img decoding=\"async\" width=\"425\" height=\"225\" data-src=\"https:\/\/roquetes.cat\/web\/wp-content\/uploads\/2021\/06\/img_noticies-425x225.png\" class=\"attachment-thumbnail size-thumbnail wp-post-image lazyload\" alt=\"\" data-mec-postid=\"18884\" src=\"data:image\/svg+xml;base64,PHN2ZyB3aWR0aD0iMSIgaGVpZ2h0PSIxIiB4bWxucz0iaHR0cDovL3d3dy53My5vcmcvMjAwMC9zdmciPjwvc3ZnPg==\" style=\"--smush-placeholder-width: 425px; --smush-placeholder-aspect-ratio: 425\/225;\" \/><\/div>\r\n                    <div class=\"mec-weekly-contents\">\r\n                        \r\n                                                <div class=\"mec-event-time mec-color\"><i class=\"mec-sl-clock-o\"><\/i> 19:00<\/div>\r\n                        \r\n                        <h4 class=\"mec-event-title\"><a class=\"mec-color-hover\" data-event-id=\"18884\" href=\"https:\/\/roquetes.cat\/web\/agenda\/convocatoria-ple-ordinari-23-638-547-246-690-238-101-593-346-257-255-550-488-272-911-392-192-608-360-261-927-734-790-432-891-971-729-256\/\" target=\"_self\" rel=\"noopener\">Convocat\u00f2ria Ple ordinari<\/a><span class=\"event-color\" style=\"background: #00a0d2\"><\/span><\/h4>\r\n                                                <div class=\"mec-event-detail\"><div class=\"mec-event-loc-place\">Ajuntament de Roquetes<\/div><\/div>\r\n                                                                                                                    <\/div>\r\n                <\/div>\r\n            <\/article>\r\n                    <\/li>\r\n        <li class=\"mec-daily-view-date-events mec-util-hidden\" id=\"mec_daily_view_date_events185_20260429\">\r\n                    <article class=\"mec-event-article\"><div class=\"mec-daily-view-no-event mec-no-event\">Cap esdeveniment<\/div><\/article>\r\n            <\/li>\r\n        <li class=\"mec-daily-view-date-events mec-util-hidden\" id=\"mec_daily_view_date_events185_20260430\">\r\n                    <article class=\"mec-event-article\"><div class=\"mec-daily-view-no-event mec-no-event\">Cap esdeveniment<\/div><\/article>\r\n            <\/li>\r\n    <\/ul>\r\n<div class=\"mec-event-footer\"><\/div><\/div>            <\/div>\r\n        <\/div>\r\n    <\/div>\r\n\r\n        \r\n<\/div><\/p>\n<p>[\/et_pb_text][et_pb_button button_url=&#8221;https:\/\/roquetes.cat\/web\/agenda-activitats\/&#8221; button_text=&#8221;Veure tota l&#8217;agenda&#8221; button_alignment=&#8221;center&#8221; disabled_on=&#8221;on|off|off&#8221; admin_label=&#8221;M\u00c9S AGENDA BOTO&#8221; _builder_version=&#8221;4.21.0&#8243; _module_preset=&#8221;default&#8221; custom_button=&#8221;on&#8221; button_text_color=&#8221;#fddd35&#8243; button_bg_color=&#8221;#3d3d3d&#8221; button_border_width=&#8221;0px&#8221; custom_margin=&#8221;||||false|false&#8221; global_colors_info=&#8221;{}&#8221;][\/et_pb_button][et_pb_image src=&#8221;https:\/\/roquetes.cat\/web\/wp-content\/uploads\/2024\/06\/Banner_Programa_Festes_Majors_2024_movil.webp&#8221; title_text=&#8221;Banner_Programa_Festes_Majors_2024_movil&#8221; url=&#8221;https:\/\/roquetes.cat\/web\/wp-content\/uploads\/2024\/06\/PROGRAMA_FESTES_ROQUETES-2024.pdf&#8221; align=&#8221;center&#8221; force_fullwidth=&#8221;on&#8221; disabled_on=&#8221;on|on|on&#8221; admin_label=&#8221;PROGRAMA FESTES MOBIL&#8221; _builder_version=&#8221;4.25.2&#8243; _module_preset=&#8221;default&#8221; custom_margin=&#8221;-40px||||false|false&#8221; border_width_all=&#8221;1px&#8221; border_color_all=&#8221;#e8e8e8&#8243; disabled=&#8221;on&#8221; global_colors_info=&#8221;{}&#8221;][\/et_pb_image][et_pb_image src=&#8221;https:\/\/roquetes.cat\/web\/wp-content\/uploads\/2023\/06\/agenda-roquetes.png&#8221; title_text=&#8221;agenda roquetes&#8221; url=&#8221;https:\/\/roquetes.cat\/web\/agenda-activitats\/&#8221; align=&#8221;center&#8221; force_fullwidth=&#8221;on&#8221; disabled_on=&#8221;off|on|on&#8221; admin_label=&#8221;AGENDA MOBIL&#8221; _builder_version=&#8221;4.21.0&#8243; _module_preset=&#8221;default&#8221; custom_margin=&#8221;-40px||||false|false&#8221; border_width_all=&#8221;1px&#8221; border_color_all=&#8221;#e8e8e8&#8243; global_colors_info=&#8221;{}&#8221;][\/et_pb_image][et_pb_text disabled_on=&#8221;off|off|off&#8221; admin_label=&#8221;TEMES DESTACATS&#8221; _builder_version=&#8221;4.27.0&#8243; _module_preset=&#8221;default&#8221; text_font=&#8221;Roboto|700|||||||&#8221; text_font_size=&#8221;20px&#8221; header_font=&#8221;Ubuntu|700|||||||&#8221; header_font_size=&#8221;26px&#8221; background_color=&#8221;#3d3d3d&#8221; text_orientation=&#8221;center&#8221; custom_padding=&#8221;10px||10px||true|false&#8221; border_color_all=&#8221;RGBA(255,255,255,0)&#8221; global_colors_info=&#8221;{}&#8221;]<\/p>\n<h1 style=\"text-align: center;\"><span style=\"color: #fddd35;\"><strong>B\u00fastia lila i LGTBIQ+<\/strong><\/span><\/h1>\n<p>[\/et_pb_text][\/et_pb_column][\/et_pb_row][et_pb_row column_structure=&#8221;1_2,1_2&#8243; _builder_version=&#8221;4.27.0&#8243; _module_preset=&#8221;default&#8221; global_colors_info=&#8221;{}&#8221;][et_pb_column type=&#8221;1_2&#8243; _builder_version=&#8221;4.27.0&#8243; _module_preset=&#8221;default&#8221; global_colors_info=&#8221;{}&#8221;][et_pb_image src=&#8221;https:\/\/roquetes.cat\/web\/wp-content\/uploads\/2024\/07\/bustialila.png&#8221; title_text=&#8221;bustialila&#8221; url=&#8221;https:\/\/forms.office.com\/pages\/responsepage.aspx?id=jyMVabrDjEm6Q3pObTb3W7IKpTPGszNKqYJhyTB-FktUNUNPMFcyTlFYVFQxTTlFOENITjhGOU0xNCQlQCN0PWcu&#038;origin=lprLink&#8221; url_new_window=&#8221;on&#8221; align=&#8221;center&#8221; _builder_version=&#8221;4.27.0&#8243; _module_preset=&#8221;default&#8221; global_colors_info=&#8221;{}&#8221;][\/et_pb_image][\/et_pb_column][et_pb_column type=&#8221;1_2&#8243; _builder_version=&#8221;4.27.0&#8243; _module_preset=&#8221;default&#8221; global_colors_info=&#8221;{}&#8221;][et_pb_image src=&#8221;https:\/\/roquetes.cat\/web\/wp-content\/uploads\/2024\/07\/bustia_irisada_transparent.png&#8221; title_text=&#8221;bustia_irisada_transparent&#8221; url=&#8221;https:\/\/forms.office.com\/pages\/responsepage.aspx?id=jyMVabrDjEm6Q3pObTb3W7tbDDM_NQROiGlV5KRJCNxUODFFVDlJVldIV080QUxVVVlHMTNCSldQOS4u&#038;origin=QRCode&#038;qrcodeorigin=presentation&#8221; url_new_window=&#8221;on&#8221; align=&#8221;center&#8221; _builder_version=&#8221;4.27.0&#8243; _module_preset=&#8221;default&#8221; global_colors_info=&#8221;{}&#8221;][\/et_pb_image][\/et_pb_column][\/et_pb_row][et_pb_row _builder_version=&#8221;4.21.0&#8243; _module_preset=&#8221;default&#8221; border_color_all=&#8221;RGBA(255,255,255,0)&#8221; global_colors_info=&#8221;{}&#8221;][et_pb_column type=&#8221;4_4&#8243; _builder_version=&#8221;4.16&#8243; _module_preset=&#8221;default&#8221; global_colors_info=&#8221;{}&#8221;][et_pb_text disabled_on=&#8221;off|off|off&#8221; admin_label=&#8221;TEMES DESTACATS&#8221; _builder_version=&#8221;4.21.0&#8243; _module_preset=&#8221;default&#8221; text_font=&#8221;Roboto|700|||||||&#8221; text_font_size=&#8221;20px&#8221; header_font=&#8221;Ubuntu|700|||||||&#8221; header_font_size=&#8221;26px&#8221; background_color=&#8221;#3d3d3d&#8221; text_orientation=&#8221;center&#8221; custom_padding=&#8221;10px||10px||true|false&#8221; border_color_all=&#8221;RGBA(255,255,255,0)&#8221; global_colors_info=&#8221;{}&#8221;]<\/p>\n<h1 style=\"text-align: center;\"><span style=\"color: #fddd35;\"><strong>Temes destacats<\/strong><\/span><\/h1>\n<p>[\/et_pb_text][et_pb_image src=&#8221;https:\/\/roquetes.cat\/web\/wp-content\/uploads\/2023\/06\/Banner-Pagina-Web-Espai-Jove.jpg&#8221; title_text=&#8221;Banner P\u00e0gina Web-Espai Jove&#8221; url=&#8221;https:\/\/roquetes.cat\/web\/area-de-joventut\/&#8221; disabled_on=&#8221;on|off|off&#8221; admin_label=&#8221;ESPAI JOVE&#8221; _builder_version=&#8221;4.21.0&#8243; _module_preset=&#8221;default&#8221; custom_margin=&#8221;-10px||||false|false&#8221; border_width_all=&#8221;1px&#8221; border_color_all=&#8221;#e8e8e8&#8243; global_colors_info=&#8221;{}&#8221;][\/et_pb_image][\/et_pb_column][\/et_pb_row][et_pb_row column_structure=&#8221;1_2,1_2&#8243; _builder_version=&#8221;4.27.0&#8243; _module_preset=&#8221;default&#8221; global_colors_info=&#8221;{}&#8221;][et_pb_column type=&#8221;1_2&#8243; _builder_version=&#8221;4.27.0&#8243; _module_preset=&#8221;default&#8221; global_colors_info=&#8221;{}&#8221;][et_pb_image src=&#8221;https:\/\/roquetes.cat\/web\/wp-content\/uploads\/2026\/01\/EWWR.gif&#8221; title_text=&#8221;EWWR&#8221; url=&#8221;https:\/\/roquetes.cat\/web\/ewwr\/&#8221; _builder_version=&#8221;4.27.5&#8243; _module_preset=&#8221;default&#8221; global_colors_info=&#8221;{}&#8221;][\/et_pb_image][\/et_pb_column][et_pb_column type=&#8221;1_2&#8243; _builder_version=&#8221;4.27.0&#8243; _module_preset=&#8221;default&#8221; global_colors_info=&#8221;{}&#8221;][et_pb_image src=&#8221;https:\/\/roquetes.cat\/web\/wp-content\/uploads\/2024\/08\/Logotip-PRTR.png&#8221; title_text=&#8221;Logotip PRTR&#8221; url=&#8221;https:\/\/roquetes.cat\/web\/next-generation\/&#8221; align=&#8221;center&#8221; _builder_version=&#8221;4.27.5&#8243; _module_preset=&#8221;default&#8221; max_width=&#8221;60%&#8221; global_colors_info=&#8221;{}&#8221;][\/et_pb_image][\/et_pb_column][\/et_pb_row][et_pb_row disabled_on=&#8221;off|off|on&#8221; _builder_version=&#8221;4.27.5&#8243; _module_preset=&#8221;default&#8221; global_colors_info=&#8221;{}&#8221;][et_pb_column type=&#8221;4_4&#8243; _builder_version=&#8221;4.27.5&#8243; _module_preset=&#8221;default&#8221; global_colors_info=&#8221;{}&#8221;][\/et_pb_column][\/et_pb_row][et_pb_row column_structure=&#8221;1_6,1_6,1_6,1_6,1_6,1_6&#8243; disabled_on=&#8221;on|on|off&#8221; admin_label=&#8221;temes icones pc&#8221; _builder_version=&#8221;4.27.6&#8243; _module_preset=&#8221;default&#8221; custom_padding=&#8221;|65px||65px|false|false&#8221; border_width_all=&#8221;1px&#8221; border_color_all=&#8221;#e8e8e8&#8243; global_colors_info=&#8221;{}&#8221;][et_pb_column type=&#8221;1_6&#8243; _builder_version=&#8221;4.21.0&#8243; _module_preset=&#8221;default&#8221; global_colors_info=&#8221;{}&#8221;][et_pb_blurb title=&#8221;Participaci\u00f3&#8221; url=&#8221;https:\/\/roquetes.cat\/web\/participacio-ciutadana-roquetes-participa\/&#8221; use_icon=&#8221;on&#8221; font_icon=&#8221;&#xf772;||fa||900&#8243; icon_color=&#8221;#fddd35&#8243; image_icon_background_color=&#8221;RGBA(255,255,255,0)&#8221; admin_label=&#8221;participacio&#8221; _builder_version=&#8221;4.21.0&#8243; _module_preset=&#8221;default&#8221; header_font=&#8221;|700|||||||&#8221; header_font_size=&#8221;15px&#8221; text_orientation=&#8221;center&#8221; global_colors_info=&#8221;{}&#8221;][\/et_pb_blurb][et_pb_image src=&#8221;https:\/\/roquetes.cat\/web\/wp-content\/uploads\/2023\/06\/DINAM_EC.png&#8221; title_text=&#8221;\u00c0REA DE DINAMITZACI\u00d3 ECON\u00d2MICA&#8221; url=&#8221;https:\/\/roquetes.cat\/web\/area-activitat-economica\/&#8221; align=&#8221;center&#8221; _builder_version=&#8221;4.24.2&#8243; _module_preset=&#8221;default&#8221; global_colors_info=&#8221;{}&#8221;][\/et_pb_image][et_pb_text _builder_version=&#8221;4.24.2&#8243; _module_preset=&#8221;default&#8221; text_font_size=&#8221;15px&#8221; global_colors_info=&#8221;{}&#8221;]<\/p>\n<p style=\"text-align: center;\"><strong>Activitat econ\u00f2mica<\/strong><\/p>\n<p>[\/et_pb_text][\/et_pb_column][et_pb_column type=&#8221;1_6&#8243; _builder_version=&#8221;4.21.0&#8243; _module_preset=&#8221;default&#8221; global_colors_info=&#8221;{}&#8221;][et_pb_blurb title=&#8221;Habitatge&#8221; url=&#8221;https:\/\/roquetes.cat\/web\/area-dhabitatge\/&#8221; use_icon=&#8221;on&#8221; font_icon=&#8221;&#xe065;||fa||900&#8243; icon_color=&#8221;#fddd35&#8243; image_icon_background_color=&#8221;RGBA(255,255,255,0)&#8221; admin_label=&#8221;habitatge&#8221; _builder_version=&#8221;4.21.0&#8243; _module_preset=&#8221;default&#8221; header_font=&#8221;|700|||||||&#8221; header_font_size=&#8221;15px&#8221; text_orientation=&#8221;center&#8221; global_colors_info=&#8221;{}&#8221;][\/et_pb_blurb][et_pb_blurb title=&#8221;Turisme&#8221; url=&#8221;https:\/\/roquetes.cat\/web\/turisme\/&#8221; use_icon=&#8221;on&#8221; font_icon=&#8221;&#xf1bb;||fa||900&#8243; icon_color=&#8221;#fddd35&#8243; image_icon_background_color=&#8221;RGBA(255,255,255,0)&#8221; admin_label=&#8221;turisme&#8221; _builder_version=&#8221;4.21.0&#8243; _module_preset=&#8221;default&#8221; header_font=&#8221;|700|||||||&#8221; header_font_size=&#8221;15px&#8221; text_orientation=&#8221;center&#8221; global_colors_info=&#8221;{}&#8221;][\/et_pb_blurb][\/et_pb_column][et_pb_column type=&#8221;1_6&#8243; _builder_version=&#8221;4.21.0&#8243; _module_preset=&#8221;default&#8221; global_colors_info=&#8221;{}&#8221;][et_pb_blurb title=&#8221;Gesti\u00f3 Ambiental&#8221; url=&#8221;https:\/\/roquetes.cat\/web\/pipicans-i-zones-desbarjo\/&#8221; use_icon=&#8221;on&#8221; font_icon=&#8221;&#xf299;||fa||400&#8243; icon_color=&#8221;#fddd35&#8243; image_icon_background_color=&#8221;RGBA(255,255,255,0)&#8221; admin_label=&#8221;cuidam&#8221; _builder_version=&#8221;4.27.2&#8243; _module_preset=&#8221;default&#8221; header_font=&#8221;|700|||||||&#8221; header_font_size=&#8221;15px&#8221; text_orientation=&#8221;center&#8221; global_colors_info=&#8221;{}&#8221;][\/et_pb_blurb][et_pb_blurb title=&#8221;Alertes sanit\u00e0ries&#8221; url=&#8221;https:\/\/medicaments.gencat.cat\/ca\/ciutadania\/seguretat\/alertes-i-notes-informatives\/&#8221; use_icon=&#8221;on&#8221; font_icon=&#8221;&#xf481;||fa||900&#8243; icon_color=&#8221;#fddd35&#8243; image_icon_background_color=&#8221;RGBA(255,255,255,0)&#8221; admin_label=&#8221;mapa&#8221; _builder_version=&#8221;4.27.6&#8243; _module_preset=&#8221;default&#8221; header_font=&#8221;|700|||||||&#8221; header_font_size=&#8221;15px&#8221; text_orientation=&#8221;center&#8221; global_colors_info=&#8221;{}&#8221; content__hover_enabled=&#8221;on|desktop&#8221; content__hover=&#8221;&#8221;][\/et_pb_blurb][\/et_pb_column][et_pb_column type=&#8221;1_6&#8243; _builder_version=&#8221;4.21.0&#8243; _module_preset=&#8221;default&#8221; global_colors_info=&#8221;{}&#8221;][et_pb_blurb title=&#8221;Tauler d&#8217;anuncis (oficials)&#8221; url=&#8221;https:\/\/tauler.seu.cat\/inici.do?idens=4313310007&#8243; use_icon=&#8221;on&#8221; font_icon=&#8221;&#xf0ce;||fa||900&#8243; icon_color=&#8221;#fddd35&#8243; image_icon_background_color=&#8221;RGBA(255,255,255,0)&#8221; admin_label=&#8221;anuncis&#8221; _builder_version=&#8221;4.21.0&#8243; _module_preset=&#8221;default&#8221; header_font=&#8221;|700|||||||&#8221; header_font_size=&#8221;15px&#8221; text_orientation=&#8221;center&#8221; global_colors_info=&#8221;{}&#8221;][\/et_pb_blurb][et_pb_blurb title=&#8221;Calendari Tributari&#8221; url=&#8221;https:\/\/seu-e.cat\/ca\/web\/roquetes\/govern-obert-i-transparencia\/accio-de-govern-i-normativa\/normativa-plans-i-programes\/ordenances-fiscals&#8221; use_icon=&#8221;on&#8221; font_icon=&#8221;&#xf51e;||fa||900&#8243; icon_color=&#8221;#fddd35&#8243; image_icon_background_color=&#8221;RGBA(255,255,255,0)&#8221; admin_label=&#8221;tributs&#8221; _builder_version=&#8221;4.21.0&#8243; _module_preset=&#8221;default&#8221; header_font=&#8221;|700|||||||&#8221; header_font_size=&#8221;15px&#8221; text_orientation=&#8221;center&#8221; global_colors_info=&#8221;{}&#8221;][\/et_pb_blurb][\/et_pb_column][et_pb_column type=&#8221;1_6&#8243; _builder_version=&#8221;4.21.0&#8243; _module_preset=&#8221;default&#8221; global_colors_info=&#8221;{}&#8221;][et_pb_blurb title=&#8221;Treballa a l&#8217;ajuntament&#8221; url=&#8221;https:\/\/roquetes.cat\/web\/treballa-a-lajuntament\/&#8221; use_icon=&#8221;on&#8221; font_icon=&#8221;&#xe068;||fa||900&#8243; icon_color=&#8221;#fddd35&#8243; image_icon_background_color=&#8221;RGBA(255,255,255,0)&#8221; admin_label=&#8221;treballa&#8221; _builder_version=&#8221;4.21.0&#8243; _module_preset=&#8221;default&#8221; header_font=&#8221;|700|||||||&#8221; header_text_align=&#8221;center&#8221; header_font_size=&#8221;15px&#8221; text_orientation=&#8221;center&#8221; global_colors_info=&#8221;{}&#8221;][\/et_pb_blurb][et_pb_blurb title=&#8221;Equipaments municipals&#8221; url=&#8221;https:\/\/roquetes.cat\/web\/equipaments-municipals-roquetes\/&#8221; use_icon=&#8221;on&#8221; font_icon=&#8221;&#xf64f;||fa||900&#8243; icon_color=&#8221;#fddd35&#8243; image_icon_background_color=&#8221;RGBA(255,255,255,0)&#8221; admin_label=&#8221;equipaments&#8221; _builder_version=&#8221;4.21.0&#8243; _module_preset=&#8221;default&#8221; header_font=&#8221;|700|||||||&#8221; header_font_size=&#8221;15px&#8221; text_orientation=&#8221;center&#8221; global_colors_info=&#8221;{}&#8221;][\/et_pb_blurb][\/et_pb_column][et_pb_column type=&#8221;1_6&#8243; _builder_version=&#8221;4.21.0&#8243; _module_preset=&#8221;default&#8221; global_colors_info=&#8221;{}&#8221;][et_pb_blurb title=&#8221;B\u00fastia \u00c8tica i Antifrau&#8221; url=&#8221;https:\/\/roquetes.cat\/web\/bustia-etica-i-antifrau\/&#8221; use_icon=&#8221;on&#8221; font_icon=&#8221;&#xf658;||fa||900&#8243; icon_color=&#8221;#fddd35&#8243; image_icon_background_color=&#8221;RGBA(255,255,255,0)&#8221; admin_label=&#8221;B\u00fastia \u00c8tica i Antifrau&#8221; _builder_version=&#8221;4.23.4&#8243; _module_preset=&#8221;default&#8221; header_font=&#8221;|700|||||||&#8221; header_text_align=&#8221;center&#8221; header_font_size=&#8221;15px&#8221; text_orientation=&#8221;center&#8221; global_colors_info=&#8221;{}&#8221;][\/et_pb_blurb][et_pb_blurb title=&#8221;Calendari de festius&#8221; url=&#8221;https:\/\/roquetes.cat\/web\/wp-content\/uploads\/2023\/12\/Festes-generals-i-locals-a-Roquetes-2024.pdf&#8221; url_new_window=&#8221;on&#8221; use_icon=&#8221;on&#8221; font_icon=&#8221;&#xf073;||fa||400&#8243; icon_color=&#8221;#fddd35&#8243; image_icon_background_color=&#8221;RGBA(255,255,255,0)&#8221; admin_label=&#8221;B\u00fastia \u00c8tica i Antifrau&#8221; _builder_version=&#8221;4.24.0&#8243; _module_preset=&#8221;default&#8221; header_font=&#8221;|700|||||||&#8221; header_text_align=&#8221;center&#8221; header_font_size=&#8221;15px&#8221; text_orientation=&#8221;center&#8221; global_colors_info=&#8221;{}&#8221;][\/et_pb_blurb][\/et_pb_column][\/et_pb_row][et_pb_row column_structure=&#8221;1_6,1_6,1_6,1_6,1_6,1_6&#8243; disabled_on=&#8221;off|off|on&#8221; admin_label=&#8221;temes icones mobil&#8221; _builder_version=&#8221;4.21.0&#8243; _module_preset=&#8221;default&#8221; custom_margin=&#8221;-60px||||false|false&#8221; custom_padding=&#8221;10px|65px||65px|false|false&#8221; global_colors_info=&#8221;{}&#8221;][et_pb_column type=&#8221;1_6&#8243; _builder_version=&#8221;4.21.0&#8243; _module_preset=&#8221;default&#8221; global_colors_info=&#8221;{}&#8221;][et_pb_blurb title=&#8221;Participaci\u00f3&#8221; url=&#8221;https:\/\/roquetes.cat\/web\/participacio-ciutadana-roquetes-participa\/&#8221; use_icon=&#8221;on&#8221; font_icon=&#8221;&#xf772;||fa||900&#8243; icon_color=&#8221;#fddd35&#8243; image_icon_background_color=&#8221;RGBA(255,255,255,0)&#8221; icon_placement=&#8221;left&#8221; admin_label=&#8221;participacio&#8221; _builder_version=&#8221;4.21.0&#8243; _module_preset=&#8221;default&#8221; header_font=&#8221;|700|||||||&#8221; header_text_align=&#8221;left&#8221; header_font_size=&#8221;18px&#8221; text_orientation=&#8221;center&#8221; global_colors_info=&#8221;{}&#8221;][\/et_pb_blurb][et_pb_blurb title=&#8221;Activitat econ\u00f2mica&#8221; url=&#8221;https:\/\/roquetes.cat\/web\/area-activitat-economica\/&#8221; use_icon=&#8221;on&#8221; font_icon=&#8221;&#xf201;||fa||900&#8243; icon_color=&#8221;#fddd35&#8243; image_icon_background_color=&#8221;RGBA(255,255,255,0)&#8221; icon_placement=&#8221;left&#8221; admin_label=&#8221;DINAMITZACIO&#8221; _builder_version=&#8221;4.24.2&#8243; _module_preset=&#8221;default&#8221; header_font=&#8221;|700|||||||&#8221; header_text_align=&#8221;left&#8221; header_font_size=&#8221;18px&#8221; text_orientation=&#8221;center&#8221; global_colors_info=&#8221;{}&#8221;][\/et_pb_blurb][et_pb_blurb title=&#8221;Espai Jove&#8221; url=&#8221;https:\/\/roquetes.cat\/web\/area-de-joventut\/&#8221; use_icon=&#8221;on&#8221; font_icon=&#8221;&#xf1ae;||fa||900&#8243; icon_color=&#8221;#fddd35&#8243; image_icon_background_color=&#8221;RGBA(255,255,255,0)&#8221; icon_placement=&#8221;left&#8221; admin_label=&#8221;espai jove&#8221; _builder_version=&#8221;4.21.0&#8243; _module_preset=&#8221;default&#8221; header_font=&#8221;|700|||||||&#8221; header_text_align=&#8221;left&#8221; header_font_size=&#8221;18px&#8221; text_orientation=&#8221;center&#8221; global_colors_info=&#8221;{}&#8221;][\/et_pb_blurb][\/et_pb_column][et_pb_column type=&#8221;1_6&#8243; _builder_version=&#8221;4.21.0&#8243; _module_preset=&#8221;default&#8221; global_colors_info=&#8221;{}&#8221;][et_pb_blurb title=&#8221;Habitatge&#8221; url=&#8221;https:\/\/roquetes.cat\/web\/area-dhabitatge\/&#8221; use_icon=&#8221;on&#8221; font_icon=&#8221;&#xe065;||fa||900&#8243; icon_color=&#8221;#fddd35&#8243; image_icon_background_color=&#8221;RGBA(255,255,255,0)&#8221; icon_placement=&#8221;left&#8221; admin_label=&#8221;habitatge&#8221; _builder_version=&#8221;4.21.0&#8243; _module_preset=&#8221;default&#8221; header_font=&#8221;|700|||||||&#8221; header_text_align=&#8221;left&#8221; header_font_size=&#8221;18px&#8221; text_orientation=&#8221;center&#8221; global_colors_info=&#8221;{}&#8221;][\/et_pb_blurb][et_pb_blurb title=&#8221;Turisme&#8221; url=&#8221;https:\/\/roquetes.cat\/web\/turisme\/&#8221; use_icon=&#8221;on&#8221; font_icon=&#8221;&#xf1bb;||fa||900&#8243; icon_color=&#8221;#fddd35&#8243; image_icon_background_color=&#8221;RGBA(255,255,255,0)&#8221; icon_placement=&#8221;left&#8221; admin_label=&#8221;turisme&#8221; _builder_version=&#8221;4.21.0&#8243; _module_preset=&#8221;default&#8221; header_font=&#8221;|700|||||||&#8221; header_text_align=&#8221;left&#8221; header_font_size=&#8221;18px&#8221; text_orientation=&#8221;center&#8221; global_colors_info=&#8221;{}&#8221;][\/et_pb_blurb][\/et_pb_column][et_pb_column type=&#8221;1_6&#8243; _builder_version=&#8221;4.21.0&#8243; _module_preset=&#8221;default&#8221; global_colors_info=&#8221;{}&#8221;][et_pb_blurb title=&#8221;Gesti\u00f3 Ambiental&#8221; url=&#8221;https:\/\/roquetes.cat\/web\/pipicans-i-zones-desbarjo\/&#8221; use_icon=&#8221;on&#8221; font_icon=&#8221;&#xf299;||fa||400&#8243; icon_color=&#8221;#fddd35&#8243; image_icon_background_color=&#8221;RGBA(255,255,255,0)&#8221; icon_placement=&#8221;left&#8221; admin_label=&#8221;cuidam&#8221; _builder_version=&#8221;4.27.2&#8243; _module_preset=&#8221;default&#8221; header_font=&#8221;|700|||||||&#8221; header_text_align=&#8221;left&#8221; header_font_size=&#8221;18px&#8221; text_orientation=&#8221;center&#8221; global_colors_info=&#8221;{}&#8221;][\/et_pb_blurb][et_pb_blurb title=&#8221;Alertes sanit\u00e0ries&#8221; url=&#8221;https:\/\/medicaments.gencat.cat\/ca\/ciutadania\/seguretat\/alertes-i-notes-informatives\/&#8221; use_icon=&#8221;on&#8221; font_icon=&#8221;&#xf481;||fa||900&#8243; icon_color=&#8221;#fddd35&#8243; image_icon_background_color=&#8221;RGBA(255,255,255,0)&#8221; icon_placement=&#8221;left&#8221; admin_label=&#8221;mapa&#8221; _builder_version=&#8221;4.27.6&#8243; _module_preset=&#8221;default&#8221; header_font=&#8221;|700|||||||&#8221; header_text_align=&#8221;left&#8221; header_font_size=&#8221;18px&#8221; text_orientation=&#8221;center&#8221; global_colors_info=&#8221;{}&#8221;][\/et_pb_blurb][\/et_pb_column][et_pb_column type=&#8221;1_6&#8243; _builder_version=&#8221;4.21.0&#8243; _module_preset=&#8221;default&#8221; global_colors_info=&#8221;{}&#8221;][et_pb_blurb title=&#8221;Tauler d&#8217;anuncis (oficials)&#8221; url=&#8221;https:\/\/tauler.seu.cat\/inici.do?idens=4313310007&#8243; use_icon=&#8221;on&#8221; font_icon=&#8221;&#xf0ce;||fa||900&#8243; icon_color=&#8221;#fddd35&#8243; image_icon_background_color=&#8221;RGBA(255,255,255,0)&#8221; icon_placement=&#8221;left&#8221; admin_label=&#8221;anuncis&#8221; _builder_version=&#8221;4.21.0&#8243; _module_preset=&#8221;default&#8221; header_font=&#8221;|700|||||||&#8221; header_text_align=&#8221;left&#8221; header_font_size=&#8221;18px&#8221; text_orientation=&#8221;center&#8221; global_colors_info=&#8221;{}&#8221;][\/et_pb_blurb][et_pb_blurb title=&#8221;Calendari Tributari&#8221; url=&#8221;https:\/\/seu-e.cat\/ca\/web\/roquetes\/govern-obert-i-transparencia\/accio-de-govern-i-normativa\/normativa-plans-i-programes\/ordenances-fiscals&#8221; use_icon=&#8221;on&#8221; font_icon=&#8221;&#xf51e;||fa||900&#8243; icon_color=&#8221;#fddd35&#8243; image_icon_background_color=&#8221;RGBA(255,255,255,0)&#8221; icon_placement=&#8221;left&#8221; admin_label=&#8221;tributs&#8221; _builder_version=&#8221;4.21.0&#8243; _module_preset=&#8221;default&#8221; header_font=&#8221;|700|||||||&#8221; header_text_align=&#8221;left&#8221; header_font_size=&#8221;18px&#8221; text_orientation=&#8221;center&#8221; global_colors_info=&#8221;{}&#8221;][\/et_pb_blurb][\/et_pb_column][et_pb_column type=&#8221;1_6&#8243; _builder_version=&#8221;4.21.0&#8243; _module_preset=&#8221;default&#8221; global_colors_info=&#8221;{}&#8221;][et_pb_blurb title=&#8221;Treballa a l&#8217;ajuntament&#8221; url=&#8221;https:\/\/roquetes.cat\/web\/treballa-a-lajuntament\/&#8221; use_icon=&#8221;on&#8221; font_icon=&#8221;&#xe068;||fa||900&#8243; icon_color=&#8221;#fddd35&#8243; image_icon_background_color=&#8221;RGBA(255,255,255,0)&#8221; icon_placement=&#8221;left&#8221; admin_label=&#8221;treballa&#8221; _builder_version=&#8221;4.21.0&#8243; _module_preset=&#8221;default&#8221; header_font=&#8221;|700|||||||&#8221; header_text_align=&#8221;left&#8221; header_font_size=&#8221;18px&#8221; text_orientation=&#8221;center&#8221; global_colors_info=&#8221;{}&#8221;][\/et_pb_blurb][et_pb_blurb title=&#8221;Equipaments municipals&#8221; url=&#8221;https:\/\/roquetes.cat\/web\/equipaments-municipals-roquetes\/&#8221; use_icon=&#8221;on&#8221; font_icon=&#8221;&#xf64f;||fa||900&#8243; icon_color=&#8221;#fddd35&#8243; image_icon_background_color=&#8221;RGBA(255,255,255,0)&#8221; icon_placement=&#8221;left&#8221; admin_label=&#8221;Equipaments municipals&#8221; _builder_version=&#8221;4.23.4&#8243; _module_preset=&#8221;default&#8221; header_font=&#8221;|700|||||||&#8221; header_text_align=&#8221;left&#8221; header_font_size=&#8221;18px&#8221; text_orientation=&#8221;center&#8221; global_colors_info=&#8221;{}&#8221;][\/et_pb_blurb][\/et_pb_column][et_pb_column type=&#8221;1_6&#8243; _builder_version=&#8221;4.21.0&#8243; _module_preset=&#8221;default&#8221; global_colors_info=&#8221;{}&#8221;][et_pb_blurb title=&#8221;B\u00fastia \u00c8tica i Antifrau&#8221; url=&#8221;https:\/\/roquetes.cat\/web\/bustia-etica-i-antifrau\/&#8221; use_icon=&#8221;on&#8221; font_icon=&#8221;&#xf658;||fa||900&#8243; icon_color=&#8221;#fddd35&#8243; image_icon_background_color=&#8221;RGBA(255,255,255,0)&#8221; icon_placement=&#8221;left&#8221; admin_label=&#8221;B\u00fastia \u00c8tica i Antifrau&#8221; _builder_version=&#8221;4.23.4&#8243; _module_preset=&#8221;default&#8221; header_font=&#8221;|700|||||||&#8221; header_text_align=&#8221;left&#8221; header_font_size=&#8221;18px&#8221; text_orientation=&#8221;center&#8221; global_colors_info=&#8221;{}&#8221;][\/et_pb_blurb][et_pb_blurb title=&#8221;Calendari de festius&#8221; url=&#8221;https:\/\/roquetes.cat\/web\/wp-content\/uploads\/2023\/12\/Festes-generals-i-locals-a-Roquetes-2024.pdf&#8221; url_new_window=&#8221;on&#8221; use_icon=&#8221;on&#8221; font_icon=&#8221;&#xf073;||fa||400&#8243; icon_color=&#8221;#fddd35&#8243; image_icon_background_color=&#8221;RGBA(255,255,255,0)&#8221; icon_placement=&#8221;left&#8221; admin_label=&#8221;B\u00fastia \u00c8tica i Antifrau&#8221; _builder_version=&#8221;4.24.0&#8243; _module_preset=&#8221;default&#8221; header_font=&#8221;|700|||||||&#8221; header_text_align=&#8221;left&#8221; header_font_size=&#8221;18px&#8221; text_orientation=&#8221;center&#8221; global_colors_info=&#8221;{}&#8221;][\/et_pb_blurb][\/et_pb_column][\/et_pb_row][et_pb_row _builder_version=&#8221;4.20.0&#8243; _module_preset=&#8221;default&#8221; custom_margin=&#8221;||0px||false|false&#8221; global_colors_info=&#8221;{}&#8221;][et_pb_column type=&#8221;4_4&#8243; _builder_version=&#8221;4.20.0&#8243; _module_preset=&#8221;default&#8221; global_colors_info=&#8221;{}&#8221;][et_pb_text admin_label=&#8221;L&#8217;Ajuntament a 1 Clic&#8221; _builder_version=&#8221;4.21.0&#8243; _module_preset=&#8221;default&#8221; text_font=&#8221;Roboto|700|||||||&#8221; text_font_size=&#8221;20px&#8221; header_font=&#8221;Ubuntu|700|||||||&#8221; header_font_size=&#8221;26px&#8221; background_color=&#8221;#3d3d3d&#8221; text_orientation=&#8221;center&#8221; custom_padding=&#8221;10px||10px||true|false&#8221; border_width_all=&#8221;1px&#8221; border_color_all=&#8221;#e8e8e8&#8243; global_colors_info=&#8221;{}&#8221;]<\/p>\n<h1><span style=\"color: #fddd35;\"><strong>L&#8217;Ajuntament a 1 Clic<\/strong><\/span><\/h1>\n<p>[\/et_pb_text][\/et_pb_column][\/et_pb_row][et_pb_row column_structure=&#8221;1_4,1_4,1_4,1_4&#8243; custom_padding_last_edited=&#8221;on|phone&#8221; _builder_version=&#8221;4.21.0&#8243; _module_preset=&#8221;default&#8221; custom_margin=&#8221;-40px||||false|false&#8221; custom_padding_tablet=&#8221;&#8221; custom_padding_phone=&#8221;|||50px|false|false&#8221; border_width_all=&#8221;1px&#8221; border_color_all=&#8221;#e8e8e8&#8243; global_colors_info=&#8221;{}&#8221;][et_pb_column type=&#8221;1_4&#8243; _builder_version=&#8221;4.20.0&#8243; _module_preset=&#8221;default&#8221; global_colors_info=&#8221;{}&#8221;][et_pb_blurb title=&#8221;Coneix l&#8217;Ajuntament&#8221; url=&#8221;https:\/\/seu-e.cat\/ca\/web\/roquetes\/govern-obert-i-transparencia\/informacio-institucional-i-organitzativa&#8221; use_icon=&#8221;on&#8221; font_icon=&#8221;&#xe074;||divi||400&#8243; icon_color=&#8221;#fddd35&#8243; icon_placement=&#8221;left&#8221; image_icon_width=&#8221;40px&#8221; admin_label=&#8221;CONEIX L&#8217;AJUNTAMENT&#8221; _builder_version=&#8221;4.21.0&#8243; _module_preset=&#8221;default&#8221; header_font=&#8221;|700|||||||&#8221; header_line_height=&#8221;2em&#8221; custom_margin=&#8221;|||10px|false|false&#8221; link_option_url_new_window=&#8221;on&#8221; icon_font_size=&#8221;40px&#8221; global_colors_info=&#8221;{}&#8221;][\/et_pb_blurb][et_pb_blurb title=&#8221;Actes de Ple i normativa&#8221; url=&#8221;https:\/\/seu-e.cat\/ca\/web\/roquetes\/govern-obert-i-transparencia\/accio-de-govern-i-normativa&#8221; use_icon=&#8221;on&#8221; font_icon=&#8221;&#xf2b5;||fa||900&#8243; icon_color=&#8221;#fddd35&#8243; icon_placement=&#8221;left&#8221; image_icon_width=&#8221;40px&#8221; admin_label=&#8221;ACTES DE PLE I NORMATIVA&#8221; _builder_version=&#8221;4.21.0&#8243; _module_preset=&#8221;default&#8221; header_font=&#8221;|700|||||||&#8221; header_line_height=&#8221;2em&#8221; custom_margin=&#8221;|||10px|false|false&#8221; link_option_url=&#8221;https:\/\/seu-e.cat\/ca\/web\/roquetes\/govern-obert-i-transparencia\/accio-de-govern-i-normativa&#8221; icon_font_size=&#8221;40px&#8221; global_colors_info=&#8221;{}&#8221;][\/et_pb_blurb][et_pb_blurb title=&#8221;Contractaci\u00f3 i subvencions&#8221; url=&#8221;https:\/\/seu-e.cat\/ca\/web\/roquetes\/govern-obert-i-transparencia\/contractes-convenis-i-subvencions&#8221; use_icon=&#8221;on&#8221; font_icon=&#8221;&#xf5da;||fa||900&#8243; icon_color=&#8221;#fddd35&#8243; icon_placement=&#8221;left&#8221; image_icon_width=&#8221;40px&#8221; admin_label=&#8221;CONTRACTACI\u00d3 I SUBVENCIONS&#8221; _builder_version=&#8221;4.21.0&#8243; _module_preset=&#8221;default&#8221; header_font=&#8221;|700|||||||&#8221; header_line_height=&#8221;2em&#8221; custom_margin=&#8221;|||10px|false|false&#8221; link_option_url=&#8221;https:\/\/seu-e.cat\/ca\/web\/roquetes\/govern-obert-i-transparencia\/contractes-convenis-i-subvencions&#8221; icon_font_size=&#8221;40px&#8221; global_colors_info=&#8221;{}&#8221;][\/et_pb_blurb][\/et_pb_column][et_pb_column type=&#8221;1_4&#8243; _builder_version=&#8221;4.20.0&#8243; _module_preset=&#8221;default&#8221; global_colors_info=&#8221;{}&#8221;][et_pb_blurb title=&#8221;L&#8217;Alcalde&#8221; url=&#8221;https:\/\/seu-e.cat\/ca\/web\/roquetes\/govern-obert-i-transparencia\/informacio-institucional-i-organitzativa\/organitzacio-politica-i-retribucions\/alts-carrecs-personal-directiu-i-carrecs-eventuals\/-\/grupPolitic\/veureCarrec\/5913&#8243; use_icon=&#8221;on&#8221; font_icon=&#8221;&#xe08a;||divi||400&#8243; icon_color=&#8221;#fddd35&#8243; icon_placement=&#8221;left&#8221; image_icon_width=&#8221;40px&#8221; admin_label=&#8221;L&#8217;ALCALDE&#8221; _builder_version=&#8221;4.21.0&#8243; _module_preset=&#8221;default&#8221; header_font=&#8221;|700|||||||&#8221; header_line_height=&#8221;2em&#8221; custom_margin=&#8221;|||10px|false|false&#8221; link_option_url=&#8221;https:\/\/seu-e.cat\/ca\/web\/roquetes\/govern-obert-i-transparencia\/informacio-institucional-i-organitzativa\/organitzacio-politica-i-retribucions\/alts-carrecs-personal-directiu-i-carrecs-eventuals\/-\/grupPolitic\/veureCarrec\/5913&#8243; icon_font_size=&#8221;40px&#8221; global_colors_info=&#8221;{}&#8221;][\/et_pb_blurb][et_pb_blurb title=&#8221;Gesti\u00f3 econ\u00f2mica i patrimoni&#8221; url=&#8221;https:\/\/seu-e.cat\/ca\/web\/roquetes\/govern-obert-i-transparencia\/gestio-economica&#8221; url_new_window=&#8221;on&#8221; use_icon=&#8221;on&#8221; font_icon=&#8221;&#xf153;||fa||900&#8243; icon_color=&#8221;#fddd35&#8243; icon_placement=&#8221;left&#8221; image_icon_width=&#8221;40px&#8221; admin_label=&#8221;GESTI\u00d3 ECONOMICA I PATRIMONI&#8221; _builder_version=&#8221;4.21.0&#8243; _module_preset=&#8221;default&#8221; header_font=&#8221;|700|||||||&#8221; header_line_height=&#8221;2em&#8221; custom_margin=&#8221;|||10px|false|false&#8221; link_option_url=&#8221;https:\/\/seu-e.cat\/ca\/web\/roquetes\/govern-obert-i-transparencia\/gestio-economica&#8221; link_option_url_new_window=&#8221;on&#8221; icon_font_size=&#8221;40px&#8221; global_colors_info=&#8221;{}&#8221;][\/et_pb_blurb][et_pb_blurb title=&#8221;Comunicaci\u00f3 i premsa&#8221; url=&#8221;https:\/\/seu-e.cat\/ca\/web\/roquetes\/govern-obert-i-transparencia\/informacio-institucional-i-organitzativa\/empleats-publics\/responsable-de-comunicacio\/premsa&#8221; use_icon=&#8221;on&#8221; font_icon=&#8221;&#xf143;||fa||900&#8243; icon_color=&#8221;#fddd35&#8243; icon_placement=&#8221;left&#8221; image_icon_width=&#8221;40px&#8221; admin_label=&#8221;COMUNICACIO&#8221; _builder_version=&#8221;4.21.0&#8243; _module_preset=&#8221;default&#8221; header_font=&#8221;|700|||||||&#8221; header_line_height=&#8221;2em&#8221; custom_margin=&#8221;|||10px|false|false&#8221; link_option_url=&#8221;https:\/\/seu-e.cat\/ca\/web\/roquetes\/govern-obert-i-transparencia\/informacio-institucional-i-organitzativa\/empleats-publics\/responsable-de-comunicacio\/premsa&#8221; icon_font_size=&#8221;40px&#8221; global_colors_info=&#8221;{}&#8221;][\/et_pb_blurb][\/et_pb_column][et_pb_column type=&#8221;1_4&#8243; _builder_version=&#8221;4.20.0&#8243; _module_preset=&#8221;default&#8221; global_colors_info=&#8221;{}&#8221;][et_pb_blurb title=&#8221;El govern&#8221; url=&#8221;https:\/\/seu-e.cat\/ca\/web\/roquetes\/govern-obert-i-transparencia\/informacio-institucional-i-organitzativa\/organitzacio-politica-i-retribucions\/carrecs-electes&#8221; url_new_window=&#8221;on&#8221; use_icon=&#8221;on&#8221; font_icon=&#8221;&#xf0c0;||fa||900&#8243; icon_color=&#8221;#fddd35&#8243; icon_placement=&#8221;left&#8221; image_icon_width=&#8221;40px&#8221; admin_label=&#8221;EL GOVERN&#8221; _builder_version=&#8221;4.21.0&#8243; _module_preset=&#8221;default&#8221; header_font=&#8221;|700|||||||&#8221; header_line_height=&#8221;2em&#8221; custom_margin=&#8221;|||10px|false|false&#8221; link_option_url=&#8221;https:\/\/seu-e.cat\/ca\/web\/roquetes\/govern-obert-i-transparencia\/informacio-institucional-i-organitzativa\/organitzacio-politica-i-retribucions\/carrecs-electes&#8221; link_option_url_new_window=&#8221;on&#8221; icon_font_size=&#8221;40px&#8221; global_colors_info=&#8221;{}&#8221;][\/et_pb_blurb][et_pb_blurb title=&#8221;Queixes i Suggeriments&#8221; url=&#8221;https:\/\/actio.dipta.cat\/catalegserveis\/id\/4313310007\/servei\/AT064_TENCI_00001?origen=seu&#8221; url_new_window=&#8221;on&#8221; use_icon=&#8221;on&#8221; font_icon=&#8221;&#xf4ad;||fa||900&#8243; icon_color=&#8221;#fddd35&#8243; icon_placement=&#8221;left&#8221; image_icon_width=&#8221;40px&#8221; admin_label=&#8221;QUEIXES I SUGGERIMENTS&#8221; _builder_version=&#8221;4.21.0&#8243; _module_preset=&#8221;default&#8221; header_font=&#8221;|700|||||||&#8221; header_line_height=&#8221;2em&#8221; body_font=&#8221;|700|||||||&#8221; custom_margin=&#8221;|||10px|false|false&#8221; link_option_url=&#8221;https:\/\/actio.dipta.cat\/catalegserveis\/id\/4313310007\/servei\/AT064_TENCI_00001?origen=seu&#8221; link_option_url_new_window=&#8221;on&#8221; icon_font_size=&#8221;40px&#8221; global_colors_info=&#8221;{}&#8221;][\/et_pb_blurb][et_pb_blurb title=&#8221;Acc\u00e8s Informaci\u00f3 P\u00fablica&#8221; url=&#8221;https:\/\/actio.dipta.cat\/catalegserveis\/id\/4313310007\/servei\/AT064_SERVE_00002?origen=seu&#8221; url_new_window=&#8221;on&#8221; use_icon=&#8221;on&#8221; font_icon=&#8221;&#xe001;||divi||400&#8243; icon_color=&#8221;#fddd35&#8243; icon_placement=&#8221;left&#8221; image_icon_width=&#8221;40px&#8221; admin_label=&#8221;ACC\u00c9S INFO P\u00daBLICA&#8221; _builder_version=&#8221;4.21.0&#8243; _module_preset=&#8221;default&#8221; header_font=&#8221;|700|||||||&#8221; header_line_height=&#8221;2em&#8221; custom_margin=&#8221;|||10px|false|false&#8221; link_option_url=&#8221;https:\/\/actio.dipta.cat\/catalegserveis\/id\/4313310007\/servei\/AT064_SERVE_00002?origen=seu&#8221; link_option_url_new_window=&#8221;on&#8221; icon_font_size=&#8221;40px&#8221; global_colors_info=&#8221;{}&#8221;][\/et_pb_blurb][\/et_pb_column][et_pb_column type=&#8221;1_4&#8243; _builder_version=&#8221;4.20.0&#8243; _module_preset=&#8221;default&#8221; global_colors_info=&#8221;{}&#8221;][et_pb_blurb title=&#8221;Portal de Transpar\u00e8ncia&#8221; url=&#8221;https:\/\/seu-e.cat\/ca\/web\/roquetes\/govern-obert-i-transparencia&#8221; url_new_window=&#8221;on&#8221; use_icon=&#8221;on&#8221; font_icon=&#8221;&#xe00e;||divi||400&#8243; icon_color=&#8221;#fddd35&#8243; icon_placement=&#8221;left&#8221; image_icon_width=&#8221;40px&#8221; admin_label=&#8221;TRANSPARENCIA&#8221; _builder_version=&#8221;4.21.0&#8243; _module_preset=&#8221;default&#8221; header_font=&#8221;|700|||||||&#8221; header_line_height=&#8221;2em&#8221; custom_margin=&#8221;|||10px|false|false&#8221; link_option_url=&#8221;https:\/\/seu-e.cat\/ca\/web\/roquetes\/govern-obert-i-transparencia&#8221; link_option_url_new_window=&#8221;on&#8221; icon_font_size=&#8221;40px&#8221; global_colors_info=&#8221;{}&#8221;][\/et_pb_blurb][et_pb_blurb title=&#8221;Estat dels Serveis&#8221; url=&#8221;https:\/\/www.seu-e.cat\/ca\/web\/roquetes\/govern-obert-i-transparencia\/serveis-i-tramits&#8221; url_new_window=&#8221;on&#8221; use_icon=&#8221;on&#8221; font_icon=&#8221;&#xe038;||divi||400&#8243; icon_color=&#8221;#fddd35&#8243; icon_placement=&#8221;left&#8221; image_icon_width=&#8221;40px&#8221; admin_label=&#8221;SERVEIS I TR\u00c0MITS&#8221; _builder_version=&#8221;4.21.0&#8243; _module_preset=&#8221;default&#8221; header_font=&#8221;|700|||||||&#8221; header_line_height=&#8221;2em&#8221; body_font=&#8221;|700|||||||&#8221; custom_margin=&#8221;|||10px|false|false&#8221; link_option_url=&#8221;https:\/\/www.seu-e.cat\/ca\/web\/roquetes\/govern-obert-i-transparencia\/serveis-i-tramits&#8221; link_option_url_new_window=&#8221;on&#8221; icon_font_size=&#8221;40px&#8221; global_colors_info=&#8221;{}&#8221;][\/et_pb_blurb][et_pb_blurb title=&#8221;PAM&#8221; url=&#8221;https:\/\/www.seu-e.cat\/ca\/web\/roquetes\/govern-obert-i-transparencia\/accio-de-govern-i-normativa\/normativa-plans-i-programes\/pla-d-actuacio-municipal-pam-213&#8243; use_icon=&#8221;on&#8221; font_icon=&#8221;&#xe059;||divi||400&#8243; icon_color=&#8221;#fddd35&#8243; icon_placement=&#8221;left&#8221; image_icon_width=&#8221;40px&#8221; admin_label=&#8221;PAM&#8221; _builder_version=&#8221;4.21.0&#8243; _module_preset=&#8221;default&#8221; header_font=&#8221;|700|||||||&#8221; header_line_height=&#8221;2em&#8221; custom_margin=&#8221;|||10px|false|false&#8221; link_option_url=&#8221;https:\/\/www.seu-e.cat\/ca\/web\/roquetes\/govern-obert-i-transparencia\/accio-de-govern-i-normativa\/normativa-plans-i-programes\/pla-d-actuacio-municipal-pam-213&#8243; icon_font_size=&#8221;40px&#8221; global_colors_info=&#8221;{}&#8221;][\/et_pb_blurb][\/et_pb_column][\/et_pb_row][et_pb_row _builder_version=&#8221;4.20.0&#8243; _module_preset=&#8221;default&#8221; custom_margin=&#8221;|auto||auto|false|false&#8221; global_colors_info=&#8221;{}&#8221;][et_pb_column type=&#8221;4_4&#8243; _builder_version=&#8221;4.16&#8243; _module_preset=&#8221;default&#8221; global_colors_info=&#8221;{}&#8221;][et_pb_text admin_label=&#8221;Webs Municipals&#8221; _builder_version=&#8221;4.21.0&#8243; _module_preset=&#8221;default&#8221; text_font=&#8221;Roboto|700|||||||&#8221; text_font_size=&#8221;20px&#8221; header_font=&#8221;Ubuntu|700|||||||&#8221; header_font_size=&#8221;26px&#8221; background_color=&#8221;#3d3d3d&#8221; text_orientation=&#8221;center&#8221; custom_padding=&#8221;10px||10px||true|false&#8221; border_width_all=&#8221;1px&#8221; border_color_all=&#8221;#e8e8e8&#8243; global_colors_info=&#8221;{}&#8221;]<\/p>\n<h1><span style=\"color: #fddd35;\"><strong>Webs Municipals<\/strong><\/span><\/h1>\n<p>[\/et_pb_text][\/et_pb_column][\/et_pb_row][et_pb_row column_structure=&#8221;1_5,1_5,1_5,1_5,1_5&#8243; _builder_version=&#8221;4.21.0&#8243; _module_preset=&#8221;default&#8221; custom_margin=&#8221;-40px||||false|false&#8221; border_width_all=&#8221;1px&#8221; border_color_all=&#8221;#e8e8e8&#8243; global_colors_info=&#8221;{}&#8221;][et_pb_column type=&#8221;1_5&#8243; _builder_version=&#8221;4.16&#8243; _module_preset=&#8221;default&#8221; global_colors_info=&#8221;{}&#8221;][et_pb_blurb title=&#8221;Antena Caro&#8221; url=&#8221;https:\/\/antenacaro.cat\/&#8221; url_new_window=&#8221;on&#8221; image=&#8221;https:\/\/roquetes.cat\/web\/wp-content\/uploads\/2021\/06\/Antena_Caro.png&#8221; image_icon_width=&#8221;80px&#8221; _builder_version=&#8221;4.16&#8243; _module_preset=&#8221;default&#8221; header_font=&#8221;Ubuntu|500|||||||&#8221; header_line_height=&#8221;1.2em&#8221; text_orientation=&#8221;center&#8221; custom_margin=&#8221;|||10px|false|false&#8221; link_option_url=&#8221;https:\/\/antenacaro.cat\/&#8221; link_option_url_new_window=&#8221;on&#8221; image_max_width=&#8221;80px&#8221; global_colors_info=&#8221;{}&#8221;][\/et_pb_blurb][\/et_pb_column][et_pb_column type=&#8221;1_5&#8243; _builder_version=&#8221;4.16&#8243; _module_preset=&#8221;default&#8221; global_colors_info=&#8221;{}&#8221;][et_pb_blurb title=&#8221;Roquetes Turisme&#8221; url=&#8221;https:\/\/roquetesturisme.cat\/&#8221; url_new_window=&#8221;on&#8221; image=&#8221;https:\/\/roquetes.cat\/web\/wp-content\/uploads\/2021\/06\/Roquetes_Turisme.png&#8221; image_icon_width=&#8221;80px&#8221; _builder_version=&#8221;4.16&#8243; _module_preset=&#8221;default&#8221; header_font=&#8221;Ubuntu|500|||||||&#8221; header_text_align=&#8221;center&#8221; header_line_height=&#8221;1.2em&#8221; custom_margin=&#8221;|||10px|false|false&#8221; link_option_url=&#8221;https:\/\/roquetesturisme.cat\/&#8221; link_option_url_new_window=&#8221;on&#8221; image_max_width=&#8221;80px&#8221; global_colors_info=&#8221;{}&#8221;][\/et_pb_blurb][\/et_pb_column][et_pb_column type=&#8221;1_5&#8243; _builder_version=&#8221;4.16&#8243; _module_preset=&#8221;default&#8221; global_colors_info=&#8221;{}&#8221;][et_pb_blurb title=&#8221;Compra a Roquetes&#8221; url=&#8221;https:\/\/compraaroquetes.cat\/&#8221; url_new_window=&#8221;on&#8221; image=&#8221;https:\/\/roquetes.cat\/web\/wp-content\/uploads\/2021\/06\/Compra_a_Roquetes.png&#8221; image_icon_width=&#8221;80px&#8221; _builder_version=&#8221;4.16&#8243; _module_preset=&#8221;default&#8221; header_font=&#8221;Ubuntu|500|||||||&#8221; header_text_align=&#8221;center&#8221; header_line_height=&#8221;1.2em&#8221; custom_margin=&#8221;|||10px|false|false&#8221; link_option_url=&#8221;https:\/\/compraaroquetes.cat\/&#8221; link_option_url_new_window=&#8221;on&#8221; image_max_width=&#8221;80px&#8221; global_colors_info=&#8221;{}&#8221;][\/et_pb_blurb][\/et_pb_column][et_pb_column type=&#8221;1_5&#8243; _builder_version=&#8221;4.16&#8243; _module_preset=&#8221;default&#8221; global_colors_info=&#8221;{}&#8221;][et_pb_blurb title=&#8221;Bibliteca Digital&#8221; url=&#8221;https:\/\/bibliotecaroquetes.cat\/&#8221; url_new_window=&#8221;on&#8221; image=&#8221;https:\/\/roquetes.cat\/web\/wp-content\/uploads\/2021\/06\/logo_biblio-negre.png&#8221; image_icon_width=&#8221;80px&#8221; _builder_version=&#8221;4.16&#8243; _module_preset=&#8221;default&#8221; header_font=&#8221;Ubuntu|500|||||||&#8221; header_text_align=&#8221;center&#8221; header_line_height=&#8221;1.2em&#8221; custom_margin=&#8221;|||10px|false|false&#8221; link_option_url=&#8221;https:\/\/bibliotecaroquetes.cat\/&#8221; link_option_url_new_window=&#8221;on&#8221; image_max_width=&#8221;80px&#8221; global_colors_info=&#8221;{}&#8221;][\/et_pb_blurb][\/et_pb_column][et_pb_column type=&#8221;1_5&#8243; _builder_version=&#8221;4.16&#8243; _module_preset=&#8221;default&#8221; global_colors_info=&#8221;{}&#8221;][et_pb_blurb title=&#8221;Biblioteca Roquetes&#8221; url=&#8221;https:\/\/sites.google.com\/view\/bibliotecaroquetes\/inici&#8221; url_new_window=&#8221;on&#8221; image=&#8221;https:\/\/roquetes.cat\/web\/wp-content\/uploads\/2021\/06\/logo_biblio-taronja.png&#8221; image_icon_width=&#8221;80px&#8221; _builder_version=&#8221;4.20.4&#8243; _module_preset=&#8221;default&#8221; header_font=&#8221;Ubuntu|500|||||||&#8221; header_text_align=&#8221;center&#8221; header_line_height=&#8221;1.2em&#8221; custom_margin=&#8221;|||10px|false|false&#8221; link_option_url=&#8221;https:\/\/sites.google.com\/view\/bibliotecaroquetes\/inici&#8221; link_option_url_new_window=&#8221;on&#8221; image_max_width=&#8221;80px&#8221; global_colors_info=&#8221;{}&#8221;][\/et_pb_blurb][\/et_pb_column][\/et_pb_row][et_pb_row _builder_version=&#8221;4.20.0&#8243; _module_preset=&#8221;default&#8221; custom_margin=&#8221;||||false|false&#8221; global_colors_info=&#8221;{}&#8221;][et_pb_column type=&#8221;4_4&#8243; _builder_version=&#8221;4.16&#8243; _module_preset=&#8221;default&#8221; global_colors_info=&#8221;{}&#8221;][et_pb_toggle title=&#8221;ENLLA\u00c7OS D&#8217;INTER\u00c8S&#8221; open=&#8221;on&#8221; toggle_icon=&#8221;&#xf0c1;||fa||900&#8243; admin_label=&#8221;ENLLA\u00c7OS D&#8217;INTER\u00c8S&#8221; _builder_version=&#8221;4.26.0&#8243; _module_preset=&#8221;default&#8221; body_quote_border_color=&#8221;RGBA(255,255,255,0)&#8221; border_color_all=&#8221;#e8e8e8&#8243; global_colors_info=&#8221;{}&#8221;]<\/p>\n<p><a href=\"https:\/\/bibliotecaroquetes.cat\/collections\/show\/5\" target=\"_blank\" rel=\"noopener\"><img decoding=\"async\" class=\"wp-image-1167 lazyload\" data-src=\"https:\/\/roquetes.cat\/web\/wp-content\/uploads\/2021\/06\/revista_roquetes_banner.jpg\" alt=\"\" width=\"168\" height=\"68\" src=\"data:image\/svg+xml;base64,PHN2ZyB3aWR0aD0iMSIgaGVpZ2h0PSIxIiB4bWxucz0iaHR0cDovL3d3dy53My5vcmcvMjAwMC9zdmciPjwvc3ZnPg==\" style=\"--smush-placeholder-width: 168px; --smush-placeholder-aspect-ratio: 168\/68;\" \/><\/a> <a href=\"https:\/\/cido.diba.cat\/normativa_local\/6895446\/planejament-urbanistic-ajuntament-de-roquetes\" target=\"_blank\" rel=\"noopener\"><img decoding=\"async\" class=\"alignnone wp-image-1178 lazyload\" data-src=\"https:\/\/roquetes.cat\/web\/wp-content\/uploads\/2021\/06\/plant_urb_ban.jpg\" alt=\"\" width=\"168\" height=\"68\" src=\"data:image\/svg+xml;base64,PHN2ZyB3aWR0aD0iMSIgaGVpZ2h0PSIxIiB4bWxucz0iaHR0cDovL3d3dy53My5vcmcvMjAwMC9zdmciPjwvc3ZnPg==\" style=\"--smush-placeholder-width: 168px; --smush-placeholder-aspect-ratio: 168\/68;\" \/><\/a> <a href=\"https:\/\/mapes.dipta.cat\/sitmun\/inicio.jsp\" target=\"_blank\" rel=\"noopener\"><img decoding=\"async\" class=\"alignnone wp-image-7346 size-full lazyload\" data-src=\"https:\/\/roquetes.cat\/web\/wp-content\/uploads\/2023\/05\/SITMUN.png\" alt=\"\" width=\"162\" height=\"68\" border=\"1\" src=\"data:image\/svg+xml;base64,PHN2ZyB3aWR0aD0iMSIgaGVpZ2h0PSIxIiB4bWxucz0iaHR0cDovL3d3dy53My5vcmcvMjAwMC9zdmciPjwvc3ZnPg==\" style=\"--smush-placeholder-width: 162px; --smush-placeholder-aspect-ratio: 162\/68;\" \/><\/a>\u00a0<a href=\"http:\/\/www.sedecatastro.gob.es\/\" target=\"_blank\" rel=\"noopener\"><img decoding=\"async\" class=\"wp-image-1173 lazyload\" data-src=\"https:\/\/roquetes.cat\/web\/wp-content\/uploads\/2021\/06\/catastre_banner.jpg\" alt=\"\" width=\"168\" height=\"68\" src=\"data:image\/svg+xml;base64,PHN2ZyB3aWR0aD0iMSIgaGVpZ2h0PSIxIiB4bWxucz0iaHR0cDovL3d3dy53My5vcmcvMjAwMC9zdmciPjwvc3ZnPg==\" style=\"--smush-placeholder-width: 168px; --smush-placeholder-aspect-ratio: 168\/68;\" \/><\/a> <a href=\"http:\/\/www.roquetes.cat\/imatge_corporativa\/\" target=\"_blank\" rel=\"noopener\"><img decoding=\"async\" class=\"wp-image-1180 lazyload\" data-src=\"https:\/\/roquetes.cat\/web\/wp-content\/uploads\/2021\/06\/Imatge-Corporativa-1.png\" alt=\"\" width=\"162\" height=\"69\" src=\"data:image\/svg+xml;base64,PHN2ZyB3aWR0aD0iMSIgaGVpZ2h0PSIxIiB4bWxucz0iaHR0cDovL3d3dy53My5vcmcvMjAwMC9zdmciPjwvc3ZnPg==\" style=\"--smush-placeholder-width: 162px; --smush-placeholder-aspect-ratio: 162\/69;\" \/><\/a> <a href=\"http:\/\/www.roquetes.cat\/recull\/\" target=\"_blank\" rel=\"noopener\"><img decoding=\"async\" class=\"wp-image-1179 lazyload\" data-src=\"https:\/\/roquetes.cat\/web\/wp-content\/uploads\/2021\/06\/banner-RoqComrecull.png\" alt=\"\" width=\"159\" height=\"74\" src=\"data:image\/svg+xml;base64,PHN2ZyB3aWR0aD0iMSIgaGVpZ2h0PSIxIiB4bWxucz0iaHR0cDovL3d3dy53My5vcmcvMjAwMC9zdmciPjwvc3ZnPg==\" style=\"--smush-placeholder-width: 159px; --smush-placeholder-aspect-ratio: 159\/74;\" \/><\/a> <a href=\"https:\/\/web.eagora.app\/a\/roquetes\" target=\"_blank\" rel=\"noopener\"><img decoding=\"async\" class=\"wp-image-1168 lazyload\" data-src=\"https:\/\/roquetes.cat\/web\/wp-content\/uploads\/2021\/06\/Ebando-Roquetes.jpg\" alt=\"\" width=\"180\" height=\"69\" src=\"data:image\/svg+xml;base64,PHN2ZyB3aWR0aD0iMSIgaGVpZ2h0PSIxIiB4bWxucz0iaHR0cDovL3d3dy53My5vcmcvMjAwMC9zdmciPjwvc3ZnPg==\" style=\"--smush-placeholder-width: 180px; --smush-placeholder-aspect-ratio: 180\/69;\" \/><\/a> <a href=\"https:\/\/contractaciopublica.gencat.cat\/ecofin_pscp\/AppJava\/cap.pscp?reqCode=viewDetail&amp;keyword=Roquetes&amp;idCap=29796773&amp;ambit=\" target=\"_blank\" rel=\"noopener\"><img decoding=\"async\" class=\"wp-image-1176 lazyload\" data-src=\"https:\/\/roquetes.cat\/web\/wp-content\/uploads\/2021\/06\/contractant.jpg\" alt=\"\" width=\"168\" height=\"90\" src=\"data:image\/svg+xml;base64,PHN2ZyB3aWR0aD0iMSIgaGVpZ2h0PSIxIiB4bWxucz0iaHR0cDovL3d3dy53My5vcmcvMjAwMC9zdmciPjwvc3ZnPg==\" style=\"--smush-placeholder-width: 168px; --smush-placeholder-aspect-ratio: 168\/90;\" \/><\/a> <a href=\"https:\/\/www.seu-e.cat\/ca\/web\/roquetes\/govern-obert-i-transparencia\/contractes-convenis-i-subvencions\"><img decoding=\"async\" class=\"alignnone wp-image-1177 lazyload\" data-src=\"https:\/\/roquetes.cat\/web\/wp-content\/uploads\/2021\/06\/bannerSubvencionsConcedidesAjuntament.jpg\" alt=\"\" width=\"168\" height=\"90\" src=\"data:image\/svg+xml;base64,PHN2ZyB3aWR0aD0iMSIgaGVpZ2h0PSIxIiB4bWxucz0iaHR0cDovL3d3dy53My5vcmcvMjAwMC9zdmciPjwvc3ZnPg==\" style=\"--smush-placeholder-width: 168px; --smush-placeholder-aspect-ratio: 168\/90;\" \/><\/a><a href=\"https:\/\/dis-roquetes.baixebre.cat\/\" target=\"_blank\" rel=\"noopener\"><img decoding=\"async\" class=\"wp-image-1169 lazyload\" data-src=\"https:\/\/roquetes.cat\/web\/wp-content\/uploads\/2021\/06\/borsa_banner.png\" alt=\"\" width=\"178\" height=\"83\" src=\"data:image\/svg+xml;base64,PHN2ZyB3aWR0aD0iMSIgaGVpZ2h0PSIxIiB4bWxucz0iaHR0cDovL3d3dy53My5vcmcvMjAwMC9zdmciPjwvc3ZnPg==\" style=\"--smush-placeholder-width: 178px; --smush-placeholder-aspect-ratio: 178\/83;\" \/><\/a> <a href=\"https:\/\/roquetes.cat\/web\/wp-content\/uploads\/2023\/10\/Pla-Politica-de-Dones.pdf\" target=\"_blank\" rel=\"noopener\"><img decoding=\"async\" data-src=\"https:\/\/roquetes.cat\/web\/wp-content\/uploads\/2023\/10\/Banner-Pla-dIgualtat-Web.jpg\" alt=\"\" class=\"wp-image-10397 alignnone size-full lazyload\" width=\"178\" height=\"71\" src=\"data:image\/svg+xml;base64,PHN2ZyB3aWR0aD0iMSIgaGVpZ2h0PSIxIiB4bWxucz0iaHR0cDovL3d3dy53My5vcmcvMjAwMC9zdmciPjwvc3ZnPg==\" style=\"--smush-placeholder-width: 178px; --smush-placeholder-aspect-ratio: 178\/71;\" \/><\/a><\/p>\n<p>[\/et_pb_toggle][et_pb_toggle title=&#8221;ALTRES ENLLA\u00c7OS&#8221; open=&#8221;on&#8221; toggle_icon=&#8221;&#xf0c1;||fa||900&#8243; admin_label=&#8221;ALTRES ENLLA\u00c7OS&#8221; _builder_version=&#8221;4.26.0&#8243; _module_preset=&#8221;default&#8221; border_color_all=&#8221;#e8e8e8&#8243; global_colors_info=&#8221;{}&#8221;]<\/p>\n<p><a href=\"https:\/\/naturalocal.net\/ca\/search\/all?sft=roquetes\" target=\"_blank\" rel=\"noopener\"><img decoding=\"async\" class=\"alignnone wp-image-1181 lazyload\" data-src=\"https:\/\/roquetes.cat\/web\/wp-content\/uploads\/2021\/06\/NaturaLocal_banner.gif\" alt=\"\" width=\"195\" height=\"70\" src=\"data:image\/svg+xml;base64,PHN2ZyB3aWR0aD0iMSIgaGVpZ2h0PSIxIiB4bWxucz0iaHR0cDovL3d3dy53My5vcmcvMjAwMC9zdmciPjwvc3ZnPg==\" style=\"--smush-placeholder-width: 195px; --smush-placeholder-aspect-ratio: 195\/70;\" \/><\/a> <a href=\"https:\/\/baixebreavant.cat\/\" target=\"_blank\" rel=\"noopener\"><img decoding=\"async\" class=\"wp-image-1175 lazyload\" data-src=\"https:\/\/roquetes.cat\/web\/wp-content\/uploads\/2021\/06\/baner_baix-ebre-avant.gif\" alt=\"\" width=\"130\" height=\"292\" src=\"data:image\/svg+xml;base64,PHN2ZyB3aWR0aD0iMSIgaGVpZ2h0PSIxIiB4bWxucz0iaHR0cDovL3d3dy53My5vcmcvMjAwMC9zdmciPjwvc3ZnPg==\" style=\"--smush-placeholder-width: 130px; --smush-placeholder-aspect-ratio: 130\/292;\" \/><\/a><a href=\"https:\/\/www.aquaroquetes.com\/\" target=\"_blank\" rel=\"noopener\"><img decoding=\"async\" class=\"wp-image-1174 lazyload\" data-src=\"https:\/\/roquetes.cat\/web\/wp-content\/uploads\/2021\/06\/aqua_banner.jpg\" alt=\"\" width=\"162\" height=\"68\" src=\"data:image\/svg+xml;base64,PHN2ZyB3aWR0aD0iMSIgaGVpZ2h0PSIxIiB4bWxucz0iaHR0cDovL3d3dy53My5vcmcvMjAwMC9zdmciPjwvc3ZnPg==\" style=\"--smush-placeholder-width: 162px; --smush-placeholder-aspect-ratio: 162\/68;\" \/><\/a><a href=\"http:\/\/joveroketes.blogspot.com\/\" target=\"_blank\" rel=\"noopener\"><img decoding=\"async\" class=\"wp-image-1172 lazyload\" data-src=\"https:\/\/roquetes.cat\/web\/wp-content\/uploads\/2021\/06\/Banner_jove_marge.jpg\" alt=\"\" width=\"145\" height=\"76\" src=\"data:image\/svg+xml;base64,PHN2ZyB3aWR0aD0iMSIgaGVpZ2h0PSIxIiB4bWxucz0iaHR0cDovL3d3dy53My5vcmcvMjAwMC9zdmciPjwvc3ZnPg==\" style=\"--smush-placeholder-width: 145px; --smush-placeholder-aspect-ratio: 145\/76;\" \/><\/a><a href=\"https:\/\/agora.xtec.cat\/iesroquetes\/\" target=\"_blank\" rel=\"noopener\"><img decoding=\"async\" class=\"wp-image-1171 lazyload\" data-src=\"https:\/\/roquetes.cat\/web\/wp-content\/uploads\/2021\/06\/logo_verd_insti_marge.jpg\" alt=\"\" width=\"162\" height=\"68\" src=\"data:image\/svg+xml;base64,PHN2ZyB3aWR0aD0iMSIgaGVpZ2h0PSIxIiB4bWxucz0iaHR0cDovL3d3dy53My5vcmcvMjAwMC9zdmciPjwvc3ZnPg==\" style=\"--smush-placeholder-width: 162px; --smush-placeholder-aspect-ratio: 162\/68;\" \/><\/a><a href=\"http:\/\/www.obsebre.es\/es\/\" target=\"_blank\" rel=\"noopener\"><img decoding=\"async\" class=\"wp-image-1170 lazyload\" data-src=\"https:\/\/roquetes.cat\/web\/wp-content\/uploads\/2021\/06\/observatori_ebre.jpg\" alt=\"\" width=\"162\" height=\"68\" src=\"data:image\/svg+xml;base64,PHN2ZyB3aWR0aD0iMSIgaGVpZ2h0PSIxIiB4bWxucz0iaHR0cDovL3d3dy53My5vcmcvMjAwMC9zdmciPjwvc3ZnPg==\" style=\"--smush-placeholder-width: 162px; --smush-placeholder-aspect-ratio: 162\/68;\" \/> <\/a><a href=\"http:\/\/lalira.org\/\" target=\"_blank\" rel=\"noopener\"><img decoding=\"async\" class=\"alignnone wp-image-7356 size-full lazyload\" data-src=\"https:\/\/roquetes.cat\/web\/wp-content\/uploads\/2023\/05\/OCUPACIO-4-1.png\" alt=\"\" width=\"180\" height=\"77\" src=\"data:image\/svg+xml;base64,PHN2ZyB3aWR0aD0iMSIgaGVpZ2h0PSIxIiB4bWxucz0iaHR0cDovL3d3dy53My5vcmcvMjAwMC9zdmciPjwvc3ZnPg==\" style=\"--smush-placeholder-width: 180px; --smush-placeholder-aspect-ratio: 180\/77;\" \/><\/a> <a href=\"https:\/\/web.gencat.cat\/ca\/ucraina\/\" target=\"_blank\" rel=\"noopener\"><img decoding=\"async\" class=\"alignnone wp-image-1165 lazyload\" data-src=\"https:\/\/roquetes.cat\/web\/wp-content\/uploads\/2021\/06\/Refugiats.gif\" alt=\"\" width=\"172\" height=\"83\" src=\"data:image\/svg+xml;base64,PHN2ZyB3aWR0aD0iMSIgaGVpZ2h0PSIxIiB4bWxucz0iaHR0cDovL3d3dy53My5vcmcvMjAwMC9zdmciPjwvc3ZnPg==\" style=\"--smush-placeholder-width: 172px; --smush-placeholder-aspect-ratio: 172\/83;\" \/><\/a><a href=\"https:\/\/ecap.ics.gencat.cat\/VisitesIServeis\/programacio_visites\/Visites.aspx\" target=\"_blank\" rel=\"noopener\"><img decoding=\"async\" class=\"alignnone wp-image-1166 lazyload\" data-src=\"https:\/\/roquetes.cat\/web\/wp-content\/uploads\/2021\/06\/baner_ICS.jpg\" alt=\"\" width=\"162\" height=\"68\" src=\"data:image\/svg+xml;base64,PHN2ZyB3aWR0aD0iMSIgaGVpZ2h0PSIxIiB4bWxucz0iaHR0cDovL3d3dy53My5vcmcvMjAwMC9zdmciPjwvc3ZnPg==\" style=\"--smush-placeholder-width: 162px; --smush-placeholder-aspect-ratio: 162\/68;\" \/><\/a>\u00a0<a href=\"https:\/\/www.edistribucion.com\/es\/averias.html\" target=\"_blank\" rel=\"noopener\"><img decoding=\"async\" class=\"alignnone wp-image-8914 size-full lazyload\" data-src=\"https:\/\/roquetes.cat\/web\/wp-content\/uploads\/2023\/06\/Averies-i-talls-e-1.jpg\" alt=\"\" width=\"162\" height=\"68\" src=\"data:image\/svg+xml;base64,PHN2ZyB3aWR0aD0iMSIgaGVpZ2h0PSIxIiB4bWxucz0iaHR0cDovL3d3dy53My5vcmcvMjAwMC9zdmciPjwvc3ZnPg==\" style=\"--smush-placeholder-width: 162px; --smush-placeholder-aspect-ratio: 162\/68;\" \/><\/a> <a href=\"https:\/\/www.coft.cat\/font\/gcomarques.php?CODICOMARCA=2\" target=\"_blank\" rel=\"noopener\"><img decoding=\"async\" class=\"alignnone wp-image-8919 size-full lazyload\" data-src=\"https:\/\/roquetes.cat\/web\/wp-content\/uploads\/2023\/06\/farmacia-de-guardia.jpg\" alt=\"\" width=\"162\" height=\"68\" src=\"data:image\/svg+xml;base64,PHN2ZyB3aWR0aD0iMSIgaGVpZ2h0PSIxIiB4bWxucz0iaHR0cDovL3d3dy53My5vcmcvMjAwMC9zdmciPjwvc3ZnPg==\" style=\"--smush-placeholder-width: 162px; --smush-placeholder-aspect-ratio: 162\/68;\" \/><\/a><\/p>\n<p>[\/et_pb_toggle][et_pb_image src=&#8221;https:\/\/roquetes.cat\/web\/wp-content\/uploads\/2025\/04\/banners_877x351px-CAT_2024.png&#8221; title_text=&#8221;banners_877x351px-CAT_2024&#8243; _builder_version=&#8221;4.27.4&#8243; _module_preset=&#8221;default&#8221; width=&#8221;30%&#8221; module_alignment=&#8221;left&#8221; global_colors_info=&#8221;{}&#8221;][\/et_pb_image][\/et_pb_column][\/et_pb_row][\/et_pb_section]<\/p>\n","protected":false},"excerpt":{"rendered":"<p>[et_pb_section fb_built=&#8221;1&#8243; fullwidth=&#8221;on&#8221; _builder_version=&#8221;4.19.4&#8243; _module_preset=&#8221;default&#8221; global_colors_info=&#8221;{}&#8221;][et_pb_fullwidth_slider show_arrows=&#8221;off&#8221; show_pagination=&#8221;off&#8221; disabled_on=&#8221;on|off|off&#8221; admin_label=&#8221;Fullwidth Slider PC&#8221; _builder_version=&#8221;4.21.0&#8243; _module_preset=&#8221;default&#8221; auto=&#8221;on&#8221; auto_speed=&#8221;3500&#8243; global_colors_info=&#8221;{}&#8221;][et_pb_slide _builder_version=&#8221;4.21.0&#8243; _module_preset=&#8221;default&#8221; background_enable_color=&#8221;off&#8221; background_image=&#8221;https:\/\/roquetes.cat\/web\/wp-content\/uploads\/2023\/06\/ROQUETES_CANAL.webp&#8221; background_enable_image=&#8221;on&#8221; global_colors_info=&#8221;{}&#8221; sticky_transition=&#8221;on&#8221;][\/et_pb_slide][et_pb_slide _builder_version=&#8221;4.21.0&#8243; _module_preset=&#8221;default&#8221; background_enable_color=&#8221;off&#8221; background_image=&#8221;https:\/\/roquetes.cat\/web\/wp-content\/uploads\/2023\/06\/MIRADOR.webp&#8221; background_enable_image=&#8221;on&#8221; global_colors_info=&#8221;{}&#8221; sticky_transition=&#8221;on&#8221;][\/et_pb_slide][et_pb_slide _builder_version=&#8221;4.21.0&#8243; _module_preset=&#8221;default&#8221; background_enable_color=&#8221;off&#8221; background_image=&#8221;https:\/\/roquetes.cat\/web\/wp-content\/uploads\/2023\/06\/FORADADA.webp&#8221; background_enable_image=&#8221;on&#8221; global_colors_info=&#8221;{}&#8221; sticky_transition=&#8221;on&#8221;][\/et_pb_slide][et_pb_slide _builder_version=&#8221;4.21.0&#8243; _module_preset=&#8221;default&#8221; background_enable_color=&#8221;off&#8221; background_image=&#8221;https:\/\/roquetes.cat\/web\/wp-content\/uploads\/2023\/06\/PUNYETES.webp&#8221; background_enable_image=&#8221;on&#8221; global_colors_info=&#8221;{}&#8221; sticky_transition=&#8221;on&#8221;][\/et_pb_slide][\/et_pb_fullwidth_slider][et_pb_fullwidth_image src=&#8221;https:\/\/roquetes.cat\/web\/wp-content\/uploads\/2023\/06\/ROQUETES_CANAL.webp&#8221; disabled_on=&#8221;off|on|on&#8221; _builder_version=&#8221;4.21.0&#8243; _module_preset=&#8221;default&#8221; global_colors_info=&#8221;{}&#8221;][\/et_pb_fullwidth_image][\/et_pb_section][et_pb_section fb_built=&#8221;1&#8243; _builder_version=&#8221;4.16&#8243; _module_preset=&#8221;default&#8221; custom_padding=&#8221;||0px|||&#8221; global_colors_info=&#8221;{}&#8221;][et_pb_row [&hellip;]<\/p>\n","protected":false},"author":2,"featured_media":0,"parent":0,"menu_order":0,"comment_status":"closed","ping_status":"closed","template":"","meta":{"_et_pb_use_builder":"on","_et_pb_old_content":"","_et_gb_content_width":"","footnotes":""},"class_list":["post-287","page","type-page","status-publish","hentry"],"_links":{"self":[{"href":"https:\/\/roquetes.cat\/web\/wp-json\/wp\/v2\/pages\/287","targetHints":{"allow":["GET"]}}],"collection":[{"href":"https:\/\/roquetes.cat\/web\/wp-json\/wp\/v2\/pages"}],"about":[{"href":"https:\/\/roquetes.cat\/web\/wp-json\/wp\/v2\/types\/page"}],"author":[{"embeddable":true,"href":"https:\/\/roquetes.cat\/web\/wp-json\/wp\/v2\/users\/2"}],"replies":[{"embeddable":true,"href":"https:\/\/roquetes.cat\/web\/wp-json\/wp\/v2\/comments?post=287"}],"version-history":[{"count":642,"href":"https:\/\/roquetes.cat\/web\/wp-json\/wp\/v2\/pages\/287\/revisions"}],"predecessor-version":[{"id":19010,"href":"https:\/\/roquetes.cat\/web\/wp-json\/wp\/v2\/pages\/287\/revisions\/19010"}],"wp:attachment":[{"href":"https:\/\/roquetes.cat\/web\/wp-json\/wp\/v2\/media?parent=287"}],"curies":[{"name":"wp","href":"https:\/\/api.w.org\/{rel}","templated":true}]}}